{"id":226162,"date":"2023-05-15T11:23:03","date_gmt":"2023-05-15T14:23:03","guid":{"rendered":"https:\/\/jornaldocarro.estadao.com.br\/?post_type=oficina_mobilidade&#038;p=226162"},"modified":"2023-06-26T08:45:59","modified_gmt":"2023-06-26T11:45:59","slug":"cuidados-essenciais-no-uso-do-gnv","status":"publish","type":"oficina_mobilidade","link":"https:\/\/jornaldocarro.estadao.com.br\/oficina-mobilidade\/cuidados-essenciais-no-uso-do-gnv\/","title":{"rendered":"Veja truques para limpar o v\u00e3o do vidro e \u00e1reas de dif\u00edcil acesso no carro"},"content":{"rendered":"<div id=\"post-img\" class=\"wp-block-image\"><figure class=\"aligncenter\"><img decoding=\"async\" src=\"https:\/\/mobilidade.estadao.com.br\/wp-content\/uploads\/2023\/03\/limpezadificilacesso.jpg\" alt=\"\" title=\"limpezadificilacesso\"><figcaption><small>Foto: Getty Images<\/small><\/figcaption><\/figure><\/div>\n\n\n\n<p>A<strong>\u00a0limpeza de \u00e1reas de dif\u00edcil acesso<\/strong>\u00a0do autom\u00f3vel deve ser muito cuidadosa para evitar que objetos cortantes, por exemplo, danifiquem\u00a0<strong>veda\u00e7\u00f5es<\/strong>\u00a0e\u00a0<strong>borrachas<\/strong>, comprometendo o funcionamento de alguns componentes.<\/p>\n\n\n\n<p>\u201cVer a sujeira impregnada nos cantos do ve\u00edculo incomoda, mas pode ser ainda pior se forem utilizadas ferramentas e t\u00e9cnicas inadequadas na limpeza\u201d, alerta Cl\u00e9ber Willian Gomes, professor de Engenharia Automotiva da FEI.<\/p>\n\n\n\n<p>\u00c9 claro que o velho e bom\u00a0<strong>aspirador<\/strong>\u00a0sempre \u00e9 um aparelho eficiente para higienizar os\u00a0<strong>cantos escondidos<\/strong>\u00a0e os\u00a0<strong>trilhos<\/strong>\u00a0dos bancos do carro. \u201cMas produtos simples tamb\u00e9m s\u00e3o eficazes para remover o p\u00f3 de<strong>\u00a0frestas estreitas<\/strong>. Basta esfregar um pano ou uma esponja com \u00e1gua e sab\u00e3o neutro\u201d, diz o docente.<\/p>\n\n\n\n<p>A sa\u00edda do\u00a0<strong><a href=\"https:\/\/mobilidade.estadao.com.br\/manter\/o-ar-condicionado-do-carro-tambem-precisa-de-manutencao\/\" target=\"_blank\" rel=\"noreferrer noopener nofollow\">ar-condicionado<\/a><\/strong>\u00a0\u00e9 outra parte que requer um utens\u00edlio menor, por causa das divis\u00f5es que direcionam o ar para o interior do ve\u00edculo. Uma\u00a0<strong>escova de dente<\/strong>\u00a0ou um pequeno\u00a0<strong>pincel<\/strong>\u00a0pode tirar a poeira acumulada do local. \u00a0<\/p>\n\n\n\n<p>No entanto, um dos itens mais complicados para limpar \u00e9 o\u00a0<strong>tanque de combust\u00edvel<\/strong>. Se quiser fazer isso em casa, o propriet\u00e1rio deve seguir algumas recomenda\u00e7\u00f5es.<\/p>\n\n\n\n<h2 class=\"wp-block-heading\"><strong>Na hora de limpar o tanque<\/strong><\/h2>\n\n\n\n<p>Em primeiro lugar, \u00e9 preciso desconectar os\u00a0<strong>parafusos<\/strong>\u00a0e outras pe\u00e7as, conforme explica o manual do autom\u00f3vel. Depois de retir\u00e1-lo, esvazie o reservat\u00f3rio, depositando o resto de combust\u00edvel em um recipiente apropriado. N\u00e3o estranhe se terra e outras sujeiras tamb\u00e9m sa\u00edrem do tanque.<\/p>\n\n\n\n<p>Com a pe\u00e7a totalmente vazia, comece a tirar a gordura impregnada nas paredes do tanque, aplicando produtos espec\u00edficos ou at\u00e9 mesmo solu\u00e7\u00f5es caseiras, como detergente e \u00e1gua morna. Deixe o composto agir por at\u00e9 24 horas.<\/p>\n\n\n\n<p>Em seguida, com uma mangueira com boa press\u00e3o de \u00e1gua, lave a pe\u00e7a para tirar todos os sedimentos de combust\u00edvel que ainda restam. Caso contr\u00e1rio, o desempenho do motor poder\u00e1 ficar prejudicado.<\/p>\n\n\n\n<p>N\u00e3o \u00e9 todo mundo que gosta ou tem tempo de realizar a limpeza do carro em casa, ainda mais de componentes mais complicados como o tanque. Nesse caso, recorra a um profissional especializado, sem se esquecer de perguntar quais produtos ele usar\u00e1 no servi\u00e7o.<\/p>","protected":false},"excerpt":{"rendered":"<p>Algumas regi\u00f5es necessitam de maior cuidado ao fazer a higieniza\u00e7\u00e3o<\/p>\n","protected":false},"featured_media":0,"template":"","class_list":["post-226162","oficina_mobilidade","type-oficina_mobilidade","status-publish","hentry"],"yoast_head":"<!-- This site is optimized with the Yoast SEO plugin v23.5 - https:\/\/yoast.com\/wordpress\/plugins\/seo\/ -->\n<title>Veja truques para limpar o v\u00e3o do vidro e \u00e1reas de dif\u00edcil acesso no carro - Jornal do Carro - Estad\u00e3o<\/title>\n<meta name=\"robots\" content=\"index, follow, max-snippet:-1, max-image-preview:large, max-video-preview:-1\" \/>\n<link rel=\"canonical\" href=\"https:\/\/jornaldocarro.estadao.com.br\/oficina-mobilidade\/cuidados-essenciais-no-uso-do-gnv\/\" \/>\n<meta name=\"twitter:card\" content=\"summary_large_image\" \/>\n<meta name=\"twitter:title\" content=\"Veja truques para limpar o v\u00e3o do vidro e \u00e1reas de dif\u00edcil acesso no carro - Jornal do Carro - Estad\u00e3o\" \/>\n<meta name=\"twitter:description\" content=\"Algumas regi\u00f5es necessitam de maior cuidado ao fazer a higieniza\u00e7\u00e3o\" \/>\n<meta name=\"twitter:image\" content=\"https:\/\/mobilidade.estadao.com.br\/wp-content\/uploads\/2023\/03\/limpezadificilacesso.jpg\" \/>\n<meta name=\"twitter:label1\" content=\"Est. tempo de leitura\" \/>\n\t<meta name=\"twitter:data1\" content=\"2 minutos\" \/>\n<script type=\"application\/ld+json\" class=\"yoast-schema-graph\">{\"@context\":\"https:\/\/schema.org\",\"@graph\":[{\"@type\":\"WebPage\",\"@id\":\"https:\/\/jornaldocarro.estadao.com.br\/oficina-mobilidade\/cuidados-essenciais-no-uso-do-gnv\/\",\"url\":\"https:\/\/jornaldocarro.estadao.com.br\/oficina-mobilidade\/cuidados-essenciais-no-uso-do-gnv\/\",\"name\":\"Veja truques para limpar o v\u00e3o do vidro e \u00e1reas de dif\u00edcil acesso no carro - Jornal do Carro - Estad\u00e3o\",\"isPartOf\":{\"@id\":\"https:\/\/jornaldocarro.estadao.com.br\/#website\"},\"primaryImageOfPage\":{\"@id\":\"https:\/\/jornaldocarro.estadao.com.br\/oficina-mobilidade\/cuidados-essenciais-no-uso-do-gnv\/#primaryimage\"},\"image\":{\"@id\":\"https:\/\/jornaldocarro.estadao.com.br\/oficina-mobilidade\/cuidados-essenciais-no-uso-do-gnv\/#primaryimage\"},\"thumbnailUrl\":\"https:\/\/mobilidade.estadao.com.br\/wp-content\/uploads\/2023\/03\/limpezadificilacesso.jpg\",\"datePublished\":\"2023-05-15T14:23:03+00:00\",\"dateModified\":\"2023-06-26T11:45:59+00:00\",\"breadcrumb\":{\"@id\":\"https:\/\/jornaldocarro.estadao.com.br\/oficina-mobilidade\/cuidados-essenciais-no-uso-do-gnv\/#breadcrumb\"},\"inLanguage\":\"pt-BR\",\"potentialAction\":[{\"@type\":\"ReadAction\",\"target\":[\"https:\/\/jornaldocarro.estadao.com.br\/oficina-mobilidade\/cuidados-essenciais-no-uso-do-gnv\/\"]}]},{\"@type\":\"ImageObject\",\"inLanguage\":\"pt-BR\",\"@id\":\"https:\/\/jornaldocarro.estadao.com.br\/oficina-mobilidade\/cuidados-essenciais-no-uso-do-gnv\/#primaryimage\",\"url\":\"https:\/\/mobilidade.estadao.com.br\/wp-content\/uploads\/2023\/03\/limpezadificilacesso.jpg\",\"contentUrl\":\"https:\/\/mobilidade.estadao.com.br\/wp-content\/uploads\/2023\/03\/limpezadificilacesso.jpg\"},{\"@type\":\"BreadcrumbList\",\"@id\":\"https:\/\/jornaldocarro.estadao.com.br\/oficina-mobilidade\/cuidados-essenciais-no-uso-do-gnv\/#breadcrumb\",\"itemListElement\":[{\"@type\":\"ListItem\",\"position\":1,\"name\":\"In\u00edcio\",\"item\":\"https:\/\/jornaldocarro.estadao.com.br\/\"},{\"@type\":\"ListItem\",\"position\":2,\"name\":\"Oficina Mobilidade\",\"item\":\"https:\/\/jornaldocarro.estadao.com.br\/oficina-mobilidade\/\"},{\"@type\":\"ListItem\",\"position\":3,\"name\":\"Veja truques para limpar o v\u00e3o do vidro e \u00e1reas de dif\u00edcil acesso no carro\"}]},{\"@type\":\"WebSite\",\"@id\":\"https:\/\/jornaldocarro.estadao.com.br\/#website\",\"url\":\"https:\/\/jornaldocarro.estadao.com.br\/\",\"name\":\"Jornal do Carro - Estad\u00e3o\",\"description\":\"O portal sobre carros, motos e tudo sobre o tema ve\u00edculos no Estad\u00e3o. Fique por dentro de lan\u00e7amentos e de hist\u00f3rias dos leitores e seus carros.\",\"potentialAction\":[{\"@type\":\"SearchAction\",\"target\":{\"@type\":\"EntryPoint\",\"urlTemplate\":\"https:\/\/jornaldocarro.estadao.com.br\/?s={search_term_string}\"},\"query-input\":{\"@type\":\"PropertyValueSpecification\",\"valueRequired\":true,\"valueName\":\"search_term_string\"}}],\"inLanguage\":\"pt-BR\"}]}<\/script>\n<!-- \/ Yoast SEO plugin. -->","yoast_head_json":{"title":"Veja truques para limpar o v\u00e3o do vidro e \u00e1reas de dif\u00edcil acesso no carro - Jornal do Carro - Estad\u00e3o","robots":{"index":"index","follow":"follow","max-snippet":"max-snippet:-1","max-image-preview":"max-image-preview:large","max-video-preview":"max-video-preview:-1"},"canonical":"https:\/\/jornaldocarro.estadao.com.br\/oficina-mobilidade\/cuidados-essenciais-no-uso-do-gnv\/","twitter_card":"summary_large_image","twitter_title":"Veja truques para limpar o v\u00e3o do vidro e \u00e1reas de dif\u00edcil acesso no carro - Jornal do Carro - Estad\u00e3o","twitter_description":"Algumas regi\u00f5es necessitam de maior cuidado ao fazer a higieniza\u00e7\u00e3o","twitter_image":"https:\/\/mobilidade.estadao.com.br\/wp-content\/uploads\/2023\/03\/limpezadificilacesso.jpg","twitter_misc":{"Est. tempo de leitura":"2 minutos"},"schema":{"@context":"https:\/\/schema.org","@graph":[{"@type":"WebPage","@id":"https:\/\/jornaldocarro.estadao.com.br\/oficina-mobilidade\/cuidados-essenciais-no-uso-do-gnv\/","url":"https:\/\/jornaldocarro.estadao.com.br\/oficina-mobilidade\/cuidados-essenciais-no-uso-do-gnv\/","name":"Veja truques para limpar o v\u00e3o do vidro e \u00e1reas de dif\u00edcil acesso no carro - Jornal do Carro - Estad\u00e3o","isPartOf":{"@id":"https:\/\/jornaldocarro.estadao.com.br\/#website"},"primaryImageOfPage":{"@id":"https:\/\/jornaldocarro.estadao.com.br\/oficina-mobilidade\/cuidados-essenciais-no-uso-do-gnv\/#primaryimage"},"image":{"@id":"https:\/\/jornaldocarro.estadao.com.br\/oficina-mobilidade\/cuidados-essenciais-no-uso-do-gnv\/#primaryimage"},"thumbnailUrl":"https:\/\/mobilidade.estadao.com.br\/wp-content\/uploads\/2023\/03\/limpezadificilacesso.jpg","datePublished":"2023-05-15T14:23:03+00:00","dateModified":"2023-06-26T11:45:59+00:00","breadcrumb":{"@id":"https:\/\/jornaldocarro.estadao.com.br\/oficina-mobilidade\/cuidados-essenciais-no-uso-do-gnv\/#breadcrumb"},"inLanguage":"pt-BR","potentialAction":[{"@type":"ReadAction","target":["https:\/\/jornaldocarro.estadao.com.br\/oficina-mobilidade\/cuidados-essenciais-no-uso-do-gnv\/"]}]},{"@type":"ImageObject","inLanguage":"pt-BR","@id":"https:\/\/jornaldocarro.estadao.com.br\/oficina-mobilidade\/cuidados-essenciais-no-uso-do-gnv\/#primaryimage","url":"https:\/\/mobilidade.estadao.com.br\/wp-content\/uploads\/2023\/03\/limpezadificilacesso.jpg","contentUrl":"https:\/\/mobilidade.estadao.com.br\/wp-content\/uploads\/2023\/03\/limpezadificilacesso.jpg"},{"@type":"BreadcrumbList","@id":"https:\/\/jornaldocarro.estadao.com.br\/oficina-mobilidade\/cuidados-essenciais-no-uso-do-gnv\/#breadcrumb","itemListElement":[{"@type":"ListItem","position":1,"name":"In\u00edcio","item":"https:\/\/jornaldocarro.estadao.com.br\/"},{"@type":"ListItem","position":2,"name":"Oficina Mobilidade","item":"https:\/\/jornaldocarro.estadao.com.br\/oficina-mobilidade\/"},{"@type":"ListItem","position":3,"name":"Veja truques para limpar o v\u00e3o do vidro e \u00e1reas de dif\u00edcil acesso no carro"}]},{"@type":"WebSite","@id":"https:\/\/jornaldocarro.estadao.com.br\/#website","url":"https:\/\/jornaldocarro.estadao.com.br\/","name":"Jornal do Carro - Estad\u00e3o","description":"O portal sobre carros, motos e tudo sobre o tema ve\u00edculos no Estad\u00e3o. Fique por dentro de lan\u00e7amentos e de hist\u00f3rias dos leitores e seus carros.","potentialAction":[{"@type":"SearchAction","target":{"@type":"EntryPoint","urlTemplate":"https:\/\/jornaldocarro.estadao.com.br\/?s={search_term_string}"},"query-input":{"@type":"PropertyValueSpecification","valueRequired":true,"valueName":"search_term_string"}}],"inLanguage":"pt-BR"}]}},"_links":{"self":[{"href":"https:\/\/jornaldocarro.estadao.com.br\/api\/wp\/v2\/oficina_mobilidade\/226162","targetHints":{"allow":["GET"]}}],"collection":[{"href":"https:\/\/jornaldocarro.estadao.com.br\/api\/wp\/v2\/oficina_mobilidade"}],"about":[{"href":"https:\/\/jornaldocarro.estadao.com.br\/api\/wp\/v2\/types\/oficina_mobilidade"}],"version-history":[{"count":6,"href":"https:\/\/jornaldocarro.estadao.com.br\/api\/wp\/v2\/oficina_mobilidade\/226162\/revisions"}],"predecessor-version":[{"id":230420,"href":"https:\/\/jornaldocarro.estadao.com.br\/api\/wp\/v2\/oficina_mobilidade\/226162\/revisions\/230420"}],"wp:attachment":[{"href":"https:\/\/jornaldocarro.estadao.com.br\/api\/wp\/v2\/media?parent=226162"}],"curies":[{"name":"wp","href":"https:\/\/api.w.org\/{rel}","templated":true}]}}