{"id":231224,"date":"2023-07-04T10:14:38","date_gmt":"2023-07-04T13:14:38","guid":{"rendered":"https:\/\/jornaldocarro.estadao.com.br\/?post_type=oficina_mobilidade&#038;p=231224"},"modified":"2023-07-06T14:17:34","modified_gmt":"2023-07-06T17:17:34","slug":"carro-e-meio-ambiente-como-minimizar-os-impactos-na-natureza","status":"publish","type":"oficina_mobilidade","link":"https:\/\/jornaldocarro.estadao.com.br\/oficina-mobilidade\/carro-e-meio-ambiente-como-minimizar-os-impactos-na-natureza\/","title":{"rendered":"Carro e meio ambiente: como minimizar os impactos na natureza?"},"content":{"rendered":"<figure class=\"wp-block-image\"><img decoding=\"async\" src=\"https:\/\/mobilidade.estadao.com.br\/wp-content\/uploads\/2023\/06\/carro_meioambiente_getty.jpg\" alt=\"\"><figcaption>Foto: Getty Images<\/figcaption><\/figure>\n\n\n\n<p>O uso de\u00a0<strong>produtos ecol\u00f3gicos<\/strong>, a\u00a0<strong>reciclagem<\/strong>, a\u00a0<strong>reutiliza\u00e7\u00e3o<\/strong>\u00a0e, principalmente, o cuidado com o\u00a0<strong>lixo<\/strong>\u00a0produzido s\u00e3o pr\u00e1ticas que ganham cada vez mais adeptos. Esse\u00a0<strong>consumo consciente<\/strong>\u00a0pode, e deve, se estender ao\u00a0<strong>mundo automotivo<\/strong>.\u00a0<\/p>\n\n\n\n<p>\u201cN\u00f3s, como motoristas, podemos adotar algumas atitudes que contribuem para preservar e n\u00e3o prejudicar o\u00a0<strong>meio ambiente<\/strong>\u201d, diz Luciana F\u00e9lix, especialista em mec\u00e2nica automotiva e propriet\u00e1ria da Na Oficina, em Belo Horizonte (MG).\u00a0<\/p>\n\n\n\n<p>\u201cA primeira coisa que a gente, enquanto consumidor, precisa saber quando encaminhar o carro para a oficina \u00e9 qual a destina\u00e7\u00e3o do lixo produzido durante o servi\u00e7o.\u201d\u00a0<\/p>\n\n\n\n<p>Ela afirma que sua oficina separa o\u00a0<strong>lixo recicl\u00e1vel<\/strong>\u00a0daquele que deve ser incinerado. O problema \u00e9 que, muitas vezes, o cliente leva pe\u00e7as que foram substitu\u00eddas para casa. Posteriormente, por\u00e9m, n\u00e3o descarta o material adequadamente.\u00a0<\/p>\n\n\n\n<p>Seja um filtro de \u00f3leo usado, seja um jogo de velas: a maioria dos itens est\u00e1 contaminada. Oficinas s\u00e9rias trabalham em parceria com empresas especializadas para a coleta desse tipo de\u00a0<strong>res\u00edduos<\/strong>. \u201cSe levar para casa, o cliente provavelmente vai descartar tudo isso no lixo comum, o que \u00e9 p\u00e9ssimo para o meio ambiente\u201d, diz.\u00a0<\/p>\n\n\n\n<p>\u201cNa minha oficina, eu mostro as pe\u00e7as substitu\u00eddas para o cliente ap\u00f3s o t\u00e9rmino do servi\u00e7o, explico que fazemos a\u00a0<strong>destina\u00e7\u00e3o adequada<\/strong>\u00a0e, caso ele insista em lev\u00e1-las, pe\u00e7o que ele assine um termo assumindo a responsabilidade pelo\u00a0<strong>descarte<\/strong>\u00a0correto daquele material.\u201d<\/p>\n\n\n\n<p>Luciana F\u00e9lix explica que as pessoas podem adotar ainda outras pr\u00e1ticas respons\u00e1veis, como\u00a0<strong>evitar o desperd\u00edcio de \u00e1gua<\/strong>\u00a0ao lavar o carro (usar balde no lugar da mangueira) e ficar atento ao lixo produzido durante a manuten\u00e7\u00e3o.\u00a0<strong>Embalagens de lubrificantes e\u00a0<\/strong><a href=\"https:\/\/mobilidade.estadao.com.br\/manter\/os-aditivos-automotivos-valem-a-pena\/\" target=\"_blank\" rel=\"noreferrer noopener nofollow\"><strong>aditivos<\/strong><\/a>, por exemplo, nunca devem ser jogadas no lixo comum.\u00a0\u201cSe voc\u00ea completou o\u00a0<a href=\"https:\/\/mobilidade.estadao.com.br\/entender\/qual-e-a-funcao-dos-filtros-de-oleo-e-combustivel\/\" target=\"_blank\" rel=\"noreferrer noopener nofollow\"><strong>\u00f3leo<\/strong><\/a>\u00a0do\u00a0<a href=\"https:\/\/mobilidade.estadao.com.br\/oficina-mobilidade\/motor\/\" target=\"_blank\" rel=\"noreferrer noopener nofollow\"><strong>motor<\/strong><\/a>\u00a0em casa, por exemplo, leve a embalagem vazia at\u00e9 o posto de\u00a0<a href=\"https:\/\/mobilidade.estadao.com.br\/oficina-mobilidade\/combustivel\/\" target=\"_blank\" rel=\"noreferrer noopener nofollow\"><strong>combust\u00edvel<\/strong><\/a>\u00a0ou de troca de \u00f3leo, pois esses locais s\u00e3o atendidos por um servi\u00e7o de coleta que providencia o descarte correto. Al\u00e9m disso, \u00e9 bom ficar atento ao adquirir\u00a0<a href=\"https:\/\/mobilidade.estadao.com.br\/manter\/10-produtos-automotivos-para-ter-em-casa\/\" target=\"_blank\" rel=\"noreferrer noopener nofollow\"><strong>produtos automotivos<\/strong><\/a>, pois j\u00e1 existem op\u00e7\u00f5es amig\u00e1veis (ou menos agressivas) ao meio ambiente, \u00e9 s\u00f3 conferir no r\u00f3tulo\u201d, explica.<\/p>\n\n\n\n<p><\/p>","protected":false},"excerpt":{"rendered":"<p>Mundo automotivo tamb\u00e9m deve adotar pr\u00e1ticas respons\u00e1veis e consumo consciente<\/p>\n","protected":false},"featured_media":0,"template":"","class_list":["post-231224","oficina_mobilidade","type-oficina_mobilidade","status-publish","hentry"],"yoast_head":"<!-- This site is optimized with the Yoast SEO plugin v23.5 - https:\/\/yoast.com\/wordpress\/plugins\/seo\/ -->\n<title>Carro e meio ambiente: como minimizar os impactos na natureza? - Jornal do Carro - Estad\u00e3o<\/title>\n<meta name=\"robots\" content=\"index, follow, max-snippet:-1, max-image-preview:large, max-video-preview:-1\" \/>\n<link rel=\"canonical\" href=\"https:\/\/jornaldocarro.estadao.com.br\/oficina-mobilidade\/carro-e-meio-ambiente-como-minimizar-os-impactos-na-natureza\/\" \/>\n<meta name=\"twitter:card\" content=\"summary_large_image\" \/>\n<meta name=\"twitter:title\" content=\"Carro e meio ambiente: como minimizar os impactos na natureza? - Jornal do Carro - Estad\u00e3o\" \/>\n<meta name=\"twitter:description\" content=\"Mundo automotivo tamb\u00e9m deve adotar pr\u00e1ticas respons\u00e1veis e consumo consciente\" \/>\n<meta name=\"twitter:image\" content=\"https:\/\/mobilidade.estadao.com.br\/wp-content\/uploads\/2023\/06\/carro_meioambiente_getty.jpg\" \/>\n<meta name=\"twitter:label1\" content=\"Est. tempo de leitura\" \/>\n\t<meta name=\"twitter:data1\" content=\"2 minutos\" \/>\n<script type=\"application\/ld+json\" class=\"yoast-schema-graph\">{\"@context\":\"https:\/\/schema.org\",\"@graph\":[{\"@type\":\"WebPage\",\"@id\":\"https:\/\/jornaldocarro.estadao.com.br\/oficina-mobilidade\/carro-e-meio-ambiente-como-minimizar-os-impactos-na-natureza\/\",\"url\":\"https:\/\/jornaldocarro.estadao.com.br\/oficina-mobilidade\/carro-e-meio-ambiente-como-minimizar-os-impactos-na-natureza\/\",\"name\":\"Carro e meio ambiente: como minimizar os impactos na natureza? - Jornal do Carro - Estad\u00e3o\",\"isPartOf\":{\"@id\":\"https:\/\/jornaldocarro.estadao.com.br\/#website\"},\"primaryImageOfPage\":{\"@id\":\"https:\/\/jornaldocarro.estadao.com.br\/oficina-mobilidade\/carro-e-meio-ambiente-como-minimizar-os-impactos-na-natureza\/#primaryimage\"},\"image\":{\"@id\":\"https:\/\/jornaldocarro.estadao.com.br\/oficina-mobilidade\/carro-e-meio-ambiente-como-minimizar-os-impactos-na-natureza\/#primaryimage\"},\"thumbnailUrl\":\"https:\/\/mobilidade.estadao.com.br\/wp-content\/uploads\/2023\/06\/carro_meioambiente_getty.jpg\",\"datePublished\":\"2023-07-04T13:14:38+00:00\",\"dateModified\":\"2023-07-06T17:17:34+00:00\",\"breadcrumb\":{\"@id\":\"https:\/\/jornaldocarro.estadao.com.br\/oficina-mobilidade\/carro-e-meio-ambiente-como-minimizar-os-impactos-na-natureza\/#breadcrumb\"},\"inLanguage\":\"pt-BR\",\"potentialAction\":[{\"@type\":\"ReadAction\",\"target\":[\"https:\/\/jornaldocarro.estadao.com.br\/oficina-mobilidade\/carro-e-meio-ambiente-como-minimizar-os-impactos-na-natureza\/\"]}]},{\"@type\":\"ImageObject\",\"inLanguage\":\"pt-BR\",\"@id\":\"https:\/\/jornaldocarro.estadao.com.br\/oficina-mobilidade\/carro-e-meio-ambiente-como-minimizar-os-impactos-na-natureza\/#primaryimage\",\"url\":\"https:\/\/mobilidade.estadao.com.br\/wp-content\/uploads\/2023\/06\/carro_meioambiente_getty.jpg\",\"contentUrl\":\"https:\/\/mobilidade.estadao.com.br\/wp-content\/uploads\/2023\/06\/carro_meioambiente_getty.jpg\"},{\"@type\":\"BreadcrumbList\",\"@id\":\"https:\/\/jornaldocarro.estadao.com.br\/oficina-mobilidade\/carro-e-meio-ambiente-como-minimizar-os-impactos-na-natureza\/#breadcrumb\",\"itemListElement\":[{\"@type\":\"ListItem\",\"position\":1,\"name\":\"In\u00edcio\",\"item\":\"https:\/\/jornaldocarro.estadao.com.br\/\"},{\"@type\":\"ListItem\",\"position\":2,\"name\":\"Oficina Mobilidade\",\"item\":\"https:\/\/jornaldocarro.estadao.com.br\/oficina-mobilidade\/\"},{\"@type\":\"ListItem\",\"position\":3,\"name\":\"Carro e meio ambiente: como minimizar os impactos na natureza?\"}]},{\"@type\":\"WebSite\",\"@id\":\"https:\/\/jornaldocarro.estadao.com.br\/#website\",\"url\":\"https:\/\/jornaldocarro.estadao.com.br\/\",\"name\":\"Jornal do Carro - Estad\u00e3o\",\"description\":\"O portal sobre carros, motos e tudo sobre o tema ve\u00edculos no Estad\u00e3o. Fique por dentro de lan\u00e7amentos e de hist\u00f3rias dos leitores e seus carros.\",\"potentialAction\":[{\"@type\":\"SearchAction\",\"target\":{\"@type\":\"EntryPoint\",\"urlTemplate\":\"https:\/\/jornaldocarro.estadao.com.br\/?s={search_term_string}\"},\"query-input\":{\"@type\":\"PropertyValueSpecification\",\"valueRequired\":true,\"valueName\":\"search_term_string\"}}],\"inLanguage\":\"pt-BR\"}]}<\/script>\n<!-- \/ Yoast SEO plugin. -->","yoast_head_json":{"title":"Carro e meio ambiente: como minimizar os impactos na natureza? - Jornal do Carro - Estad\u00e3o","robots":{"index":"index","follow":"follow","max-snippet":"max-snippet:-1","max-image-preview":"max-image-preview:large","max-video-preview":"max-video-preview:-1"},"canonical":"https:\/\/jornaldocarro.estadao.com.br\/oficina-mobilidade\/carro-e-meio-ambiente-como-minimizar-os-impactos-na-natureza\/","twitter_card":"summary_large_image","twitter_title":"Carro e meio ambiente: como minimizar os impactos na natureza? - Jornal do Carro - Estad\u00e3o","twitter_description":"Mundo automotivo tamb\u00e9m deve adotar pr\u00e1ticas respons\u00e1veis e consumo consciente","twitter_image":"https:\/\/mobilidade.estadao.com.br\/wp-content\/uploads\/2023\/06\/carro_meioambiente_getty.jpg","twitter_misc":{"Est. tempo de leitura":"2 minutos"},"schema":{"@context":"https:\/\/schema.org","@graph":[{"@type":"WebPage","@id":"https:\/\/jornaldocarro.estadao.com.br\/oficina-mobilidade\/carro-e-meio-ambiente-como-minimizar-os-impactos-na-natureza\/","url":"https:\/\/jornaldocarro.estadao.com.br\/oficina-mobilidade\/carro-e-meio-ambiente-como-minimizar-os-impactos-na-natureza\/","name":"Carro e meio ambiente: como minimizar os impactos na natureza? - Jornal do Carro - Estad\u00e3o","isPartOf":{"@id":"https:\/\/jornaldocarro.estadao.com.br\/#website"},"primaryImageOfPage":{"@id":"https:\/\/jornaldocarro.estadao.com.br\/oficina-mobilidade\/carro-e-meio-ambiente-como-minimizar-os-impactos-na-natureza\/#primaryimage"},"image":{"@id":"https:\/\/jornaldocarro.estadao.com.br\/oficina-mobilidade\/carro-e-meio-ambiente-como-minimizar-os-impactos-na-natureza\/#primaryimage"},"thumbnailUrl":"https:\/\/mobilidade.estadao.com.br\/wp-content\/uploads\/2023\/06\/carro_meioambiente_getty.jpg","datePublished":"2023-07-04T13:14:38+00:00","dateModified":"2023-07-06T17:17:34+00:00","breadcrumb":{"@id":"https:\/\/jornaldocarro.estadao.com.br\/oficina-mobilidade\/carro-e-meio-ambiente-como-minimizar-os-impactos-na-natureza\/#breadcrumb"},"inLanguage":"pt-BR","potentialAction":[{"@type":"ReadAction","target":["https:\/\/jornaldocarro.estadao.com.br\/oficina-mobilidade\/carro-e-meio-ambiente-como-minimizar-os-impactos-na-natureza\/"]}]},{"@type":"ImageObject","inLanguage":"pt-BR","@id":"https:\/\/jornaldocarro.estadao.com.br\/oficina-mobilidade\/carro-e-meio-ambiente-como-minimizar-os-impactos-na-natureza\/#primaryimage","url":"https:\/\/mobilidade.estadao.com.br\/wp-content\/uploads\/2023\/06\/carro_meioambiente_getty.jpg","contentUrl":"https:\/\/mobilidade.estadao.com.br\/wp-content\/uploads\/2023\/06\/carro_meioambiente_getty.jpg"},{"@type":"BreadcrumbList","@id":"https:\/\/jornaldocarro.estadao.com.br\/oficina-mobilidade\/carro-e-meio-ambiente-como-minimizar-os-impactos-na-natureza\/#breadcrumb","itemListElement":[{"@type":"ListItem","position":1,"name":"In\u00edcio","item":"https:\/\/jornaldocarro.estadao.com.br\/"},{"@type":"ListItem","position":2,"name":"Oficina Mobilidade","item":"https:\/\/jornaldocarro.estadao.com.br\/oficina-mobilidade\/"},{"@type":"ListItem","position":3,"name":"Carro e meio ambiente: como minimizar os impactos na natureza?"}]},{"@type":"WebSite","@id":"https:\/\/jornaldocarro.estadao.com.br\/#website","url":"https:\/\/jornaldocarro.estadao.com.br\/","name":"Jornal do Carro - Estad\u00e3o","description":"O portal sobre carros, motos e tudo sobre o tema ve\u00edculos no Estad\u00e3o. Fique por dentro de lan\u00e7amentos e de hist\u00f3rias dos leitores e seus carros.","potentialAction":[{"@type":"SearchAction","target":{"@type":"EntryPoint","urlTemplate":"https:\/\/jornaldocarro.estadao.com.br\/?s={search_term_string}"},"query-input":{"@type":"PropertyValueSpecification","valueRequired":true,"valueName":"search_term_string"}}],"inLanguage":"pt-BR"}]}},"_links":{"self":[{"href":"https:\/\/jornaldocarro.estadao.com.br\/api\/wp\/v2\/oficina_mobilidade\/231224","targetHints":{"allow":["GET"]}}],"collection":[{"href":"https:\/\/jornaldocarro.estadao.com.br\/api\/wp\/v2\/oficina_mobilidade"}],"about":[{"href":"https:\/\/jornaldocarro.estadao.com.br\/api\/wp\/v2\/types\/oficina_mobilidade"}],"version-history":[{"count":7,"href":"https:\/\/jornaldocarro.estadao.com.br\/api\/wp\/v2\/oficina_mobilidade\/231224\/revisions"}],"predecessor-version":[{"id":243395,"href":"https:\/\/jornaldocarro.estadao.com.br\/api\/wp\/v2\/oficina_mobilidade\/231224\/revisions\/243395"}],"wp:attachment":[{"href":"https:\/\/jornaldocarro.estadao.com.br\/api\/wp\/v2\/media?parent=231224"}],"curies":[{"name":"wp","href":"https:\/\/api.w.org\/{rel}","templated":true}]}}