{"id":261334,"date":"2024-04-26T19:09:07","date_gmt":"2024-04-26T22:09:07","guid":{"rendered":"https:\/\/jornaldocarro.estadao.com.br\/?post_type=oficina_mobilidade&#038;p=261334"},"modified":"2024-04-26T19:09:09","modified_gmt":"2024-04-26T22:09:09","slug":"carros-eletricos-sao-mais-seguros-do-que-automoveis-a-combustao","status":"publish","type":"oficina_mobilidade","link":"https:\/\/jornaldocarro.estadao.com.br\/oficina-mobilidade\/carros-eletricos-sao-mais-seguros-do-que-automoveis-a-combustao\/","title":{"rendered":"Carros el\u00e9tricos s\u00e3o mais seguros do que autom\u00f3veis a combust\u00e3o?"},"content":{"rendered":"<p>Uma pergunta recorrente quando se fala em carro el\u00e9trico \u00e9 se ele \u00e9 mais ou menos seguro que um ve\u00edculo com motor a combust\u00e3o. \u201cOs dois modelos s\u00e3o bastante confi\u00e1veis\u201d, diz F\u00e1bio Delatore, professor de Engenharia El\u00e9trica da Funda\u00e7\u00e3o Educacional Inaciana (FEI).\u00a0<\/p>\n\n\n\n<p>No entanto, h\u00e1 um aspecto que pesa a favor do autom\u00f3vel com tecnologia el\u00e9trica. Segundo relat\u00f3rio da National Highway Traffic Safety Administration (ou Administra\u00e7\u00e3o Nacional de Seguran\u00e7a Rodovi\u00e1ria), dos Estados Unidos, os ve\u00edculos el\u00e9tricos s\u00e3o 11 vezes menos propensos a pegar fogo do que os carros movidos a gasolina.<\/p>\n\n\n\n<p>Dados coletados entre 2011 e 2020 mostram que, proporcionalmente, apenas 1,2% dos inc\u00eandios atingiram ve\u00edculos el\u00e9tricos. Isso acontece por v\u00e1rios motivos. Em primeiro lugar, porque n\u00e3o possuem tanque de combust\u00edvel. As baterias de \u00edon de l\u00edtio t\u00eam menos risco de pegar fogo.<\/p>\n\n\n\n<h3 class=\"wp-block-heading\">Centro de gravidade<\/h3>\n\n\n\n<p>Segundo Delatore, os carros el\u00e9tricos recebem uma s\u00e9rie de refor\u00e7os na estrutura para garantir maior seguran\u00e7a. Um exemplo s\u00e3o os dispositivos de prote\u00e7\u00e3o contra sobrecarga e curto-circuito das baterias, que cortam a energia imediatamente ao detectar uma avaria.<\/p>\n\n\n\n<p>Al\u00e9m disso, as baterias s\u00e3o instaladas em uma \u00e1rea isolada, com sistema de ventila\u00e7\u00e3o, embaixo do carro. Assim, o centro de gravidade fica mais baixo, aumentando a estabilidade e diminuindo o risco de capotamento.\u00a0<\/p>\n\n\n\n<p>E n\u00e3o \u00e9 s\u00f3 isso. \u201cOs el\u00e9tricos apresentam respostas mais r\u00e1pidas em compara\u00e7\u00e3o aos autom\u00f3veis convencionais. Isso facilita o controle em situa\u00e7\u00f5es de emerg\u00eancia\u201d, diz Delatore.<\/p>\n\n\n\n<p>Altamente tecnol\u00f3gicos, os ve\u00edculos movidos a bateria tamb\u00e9m possuem uma s\u00e9rie de itens de seguran\u00e7a presentes nos de motor a combust\u00e3o. Veja os principais:<\/p>\n\n\n\n<p><strong>\u2013 Frenagem autom\u00e1tica de emerg\u00eancia:<\/strong>\u00a0recurso que detecta objetos na frente do carro e aplica os freios automaticamente para evitar colis\u00e3o.<\/p>\n\n\n\n<p><strong>\u2013 Aviso de sa\u00edda de faixa:<\/strong>\u00a0detecta quando o carro est\u00e1 saindo da faixa involuntariamente e emite um alerta para o motorista.<\/p>\n\n\n\n<p><strong>\u2013 Controle de cruzeiro adaptativo:<\/strong>\u00a0mant\u00e9m o autom\u00f3vel a uma dist\u00e2ncia segura do carro \u00e0 frente e ajusta automaticamente a velocidade para evitar batidas.<\/p>\n\n\n\n<p><strong>\u2013 Monitoramento de ponto cego:<\/strong>\u00a0pode detectar objetos nos pontos cegos do carro e emitir uma advert\u00eancia para o condutor tomar cuidado.<\/p>\n\n\n\n<p><strong>\u2013 Vis\u00e3o noturna:<\/strong>\u00a0melhora a visibilidade do motorista em condi\u00e7\u00f5es de pouca ilumina\u00e7\u00e3o nas vias.<\/p>","protected":false},"excerpt":{"rendered":"<p>Alguns recursos podem reduzir o risco de inc\u00eandio e aumentar a estabilidade<\/p>\n","protected":false},"featured_media":261345,"template":"","class_list":["post-261334","oficina_mobilidade","type-oficina_mobilidade","status-publish","has-post-thumbnail","hentry"],"yoast_head":"<!-- This site is optimized with the Yoast SEO plugin v23.5 - https:\/\/yoast.com\/wordpress\/plugins\/seo\/ -->\n<title>Carros el\u00e9tricos s\u00e3o mais seguros do que autom\u00f3veis a combust\u00e3o? - Jornal do Carro - Estad\u00e3o<\/title>\n<meta name=\"robots\" content=\"index, follow, max-snippet:-1, max-image-preview:large, max-video-preview:-1\" \/>\n<link rel=\"canonical\" href=\"https:\/\/jornaldocarro.estadao.com.br\/oficina-mobilidade\/carros-eletricos-sao-mais-seguros-do-que-automoveis-a-combustao\/\" \/>\n<meta name=\"twitter:card\" content=\"summary_large_image\" \/>\n<meta name=\"twitter:title\" content=\"Carros el\u00e9tricos s\u00e3o mais seguros do que autom\u00f3veis a combust\u00e3o? - Jornal do Carro - Estad\u00e3o\" \/>\n<meta name=\"twitter:description\" content=\"Alguns recursos podem reduzir o risco de inc\u00eandio e aumentar a estabilidade\" \/>\n<meta name=\"twitter:image\" content=\"https:\/\/jornaldocarro.estadao.com.br\/wp-content\/uploads\/2024\/04\/26190732\/carro-eletrico-getty.png\" \/>\n<meta name=\"twitter:label1\" content=\"Est. tempo de leitura\" \/>\n\t<meta name=\"twitter:data1\" content=\"3 minutos\" \/>\n<script type=\"application\/ld+json\" class=\"yoast-schema-graph\">{\"@context\":\"https:\/\/schema.org\",\"@graph\":[{\"@type\":\"WebPage\",\"@id\":\"https:\/\/jornaldocarro.estadao.com.br\/oficina-mobilidade\/carros-eletricos-sao-mais-seguros-do-que-automoveis-a-combustao\/\",\"url\":\"https:\/\/jornaldocarro.estadao.com.br\/oficina-mobilidade\/carros-eletricos-sao-mais-seguros-do-que-automoveis-a-combustao\/\",\"name\":\"Carros el\u00e9tricos s\u00e3o mais seguros do que autom\u00f3veis a combust\u00e3o? - Jornal do Carro - Estad\u00e3o\",\"isPartOf\":{\"@id\":\"https:\/\/jornaldocarro.estadao.com.br\/#website\"},\"primaryImageOfPage\":{\"@id\":\"https:\/\/jornaldocarro.estadao.com.br\/oficina-mobilidade\/carros-eletricos-sao-mais-seguros-do-que-automoveis-a-combustao\/#primaryimage\"},\"image\":{\"@id\":\"https:\/\/jornaldocarro.estadao.com.br\/oficina-mobilidade\/carros-eletricos-sao-mais-seguros-do-que-automoveis-a-combustao\/#primaryimage\"},\"thumbnailUrl\":\"https:\/\/jornaldocarro.estadao.com.br\/wp-content\/uploads\/2024\/04\/26190732\/carro-eletrico-getty.png\",\"datePublished\":\"2024-04-26T22:09:07+00:00\",\"dateModified\":\"2024-04-26T22:09:09+00:00\",\"breadcrumb\":{\"@id\":\"https:\/\/jornaldocarro.estadao.com.br\/oficina-mobilidade\/carros-eletricos-sao-mais-seguros-do-que-automoveis-a-combustao\/#breadcrumb\"},\"inLanguage\":\"pt-BR\",\"potentialAction\":[{\"@type\":\"ReadAction\",\"target\":[\"https:\/\/jornaldocarro.estadao.com.br\/oficina-mobilidade\/carros-eletricos-sao-mais-seguros-do-que-automoveis-a-combustao\/\"]}]},{\"@type\":\"ImageObject\",\"inLanguage\":\"pt-BR\",\"@id\":\"https:\/\/jornaldocarro.estadao.com.br\/oficina-mobilidade\/carros-eletricos-sao-mais-seguros-do-que-automoveis-a-combustao\/#primaryimage\",\"url\":\"https:\/\/jornaldocarro.estadao.com.br\/wp-content\/uploads\/2024\/04\/26190732\/carro-eletrico-getty.png\",\"contentUrl\":\"https:\/\/jornaldocarro.estadao.com.br\/wp-content\/uploads\/2024\/04\/26190732\/carro-eletrico-getty.png\",\"width\":1200,\"height\":800},{\"@type\":\"BreadcrumbList\",\"@id\":\"https:\/\/jornaldocarro.estadao.com.br\/oficina-mobilidade\/carros-eletricos-sao-mais-seguros-do-que-automoveis-a-combustao\/#breadcrumb\",\"itemListElement\":[{\"@type\":\"ListItem\",\"position\":1,\"name\":\"In\u00edcio\",\"item\":\"https:\/\/jornaldocarro.estadao.com.br\/\"},{\"@type\":\"ListItem\",\"position\":2,\"name\":\"Oficina Mobilidade\",\"item\":\"https:\/\/jornaldocarro.estadao.com.br\/oficina-mobilidade\/\"},{\"@type\":\"ListItem\",\"position\":3,\"name\":\"Carros el\u00e9tricos s\u00e3o mais seguros do que autom\u00f3veis a combust\u00e3o?\"}]},{\"@type\":\"WebSite\",\"@id\":\"https:\/\/jornaldocarro.estadao.com.br\/#website\",\"url\":\"https:\/\/jornaldocarro.estadao.com.br\/\",\"name\":\"Jornal do Carro - Estad\u00e3o\",\"description\":\"O portal sobre carros, motos e tudo sobre o tema ve\u00edculos no Estad\u00e3o. Fique por dentro de lan\u00e7amentos e de hist\u00f3rias dos leitores e seus carros.\",\"potentialAction\":[{\"@type\":\"SearchAction\",\"target\":{\"@type\":\"EntryPoint\",\"urlTemplate\":\"https:\/\/jornaldocarro.estadao.com.br\/?s={search_term_string}\"},\"query-input\":{\"@type\":\"PropertyValueSpecification\",\"valueRequired\":true,\"valueName\":\"search_term_string\"}}],\"inLanguage\":\"pt-BR\"}]}<\/script>\n<!-- \/ Yoast SEO plugin. -->","yoast_head_json":{"title":"Carros el\u00e9tricos s\u00e3o mais seguros do que autom\u00f3veis a combust\u00e3o? - Jornal do Carro - Estad\u00e3o","robots":{"index":"index","follow":"follow","max-snippet":"max-snippet:-1","max-image-preview":"max-image-preview:large","max-video-preview":"max-video-preview:-1"},"canonical":"https:\/\/jornaldocarro.estadao.com.br\/oficina-mobilidade\/carros-eletricos-sao-mais-seguros-do-que-automoveis-a-combustao\/","twitter_card":"summary_large_image","twitter_title":"Carros el\u00e9tricos s\u00e3o mais seguros do que autom\u00f3veis a combust\u00e3o? - Jornal do Carro - Estad\u00e3o","twitter_description":"Alguns recursos podem reduzir o risco de inc\u00eandio e aumentar a estabilidade","twitter_image":"https:\/\/jornaldocarro.estadao.com.br\/wp-content\/uploads\/2024\/04\/26190732\/carro-eletrico-getty.png","twitter_misc":{"Est. tempo de leitura":"3 minutos"},"schema":{"@context":"https:\/\/schema.org","@graph":[{"@type":"WebPage","@id":"https:\/\/jornaldocarro.estadao.com.br\/oficina-mobilidade\/carros-eletricos-sao-mais-seguros-do-que-automoveis-a-combustao\/","url":"https:\/\/jornaldocarro.estadao.com.br\/oficina-mobilidade\/carros-eletricos-sao-mais-seguros-do-que-automoveis-a-combustao\/","name":"Carros el\u00e9tricos s\u00e3o mais seguros do que autom\u00f3veis a combust\u00e3o? - Jornal do Carro - Estad\u00e3o","isPartOf":{"@id":"https:\/\/jornaldocarro.estadao.com.br\/#website"},"primaryImageOfPage":{"@id":"https:\/\/jornaldocarro.estadao.com.br\/oficina-mobilidade\/carros-eletricos-sao-mais-seguros-do-que-automoveis-a-combustao\/#primaryimage"},"image":{"@id":"https:\/\/jornaldocarro.estadao.com.br\/oficina-mobilidade\/carros-eletricos-sao-mais-seguros-do-que-automoveis-a-combustao\/#primaryimage"},"thumbnailUrl":"https:\/\/jornaldocarro.estadao.com.br\/wp-content\/uploads\/2024\/04\/26190732\/carro-eletrico-getty.png","datePublished":"2024-04-26T22:09:07+00:00","dateModified":"2024-04-26T22:09:09+00:00","breadcrumb":{"@id":"https:\/\/jornaldocarro.estadao.com.br\/oficina-mobilidade\/carros-eletricos-sao-mais-seguros-do-que-automoveis-a-combustao\/#breadcrumb"},"inLanguage":"pt-BR","potentialAction":[{"@type":"ReadAction","target":["https:\/\/jornaldocarro.estadao.com.br\/oficina-mobilidade\/carros-eletricos-sao-mais-seguros-do-que-automoveis-a-combustao\/"]}]},{"@type":"ImageObject","inLanguage":"pt-BR","@id":"https:\/\/jornaldocarro.estadao.com.br\/oficina-mobilidade\/carros-eletricos-sao-mais-seguros-do-que-automoveis-a-combustao\/#primaryimage","url":"https:\/\/jornaldocarro.estadao.com.br\/wp-content\/uploads\/2024\/04\/26190732\/carro-eletrico-getty.png","contentUrl":"https:\/\/jornaldocarro.estadao.com.br\/wp-content\/uploads\/2024\/04\/26190732\/carro-eletrico-getty.png","width":1200,"height":800},{"@type":"BreadcrumbList","@id":"https:\/\/jornaldocarro.estadao.com.br\/oficina-mobilidade\/carros-eletricos-sao-mais-seguros-do-que-automoveis-a-combustao\/#breadcrumb","itemListElement":[{"@type":"ListItem","position":1,"name":"In\u00edcio","item":"https:\/\/jornaldocarro.estadao.com.br\/"},{"@type":"ListItem","position":2,"name":"Oficina Mobilidade","item":"https:\/\/jornaldocarro.estadao.com.br\/oficina-mobilidade\/"},{"@type":"ListItem","position":3,"name":"Carros el\u00e9tricos s\u00e3o mais seguros do que autom\u00f3veis a combust\u00e3o?"}]},{"@type":"WebSite","@id":"https:\/\/jornaldocarro.estadao.com.br\/#website","url":"https:\/\/jornaldocarro.estadao.com.br\/","name":"Jornal do Carro - Estad\u00e3o","description":"O portal sobre carros, motos e tudo sobre o tema ve\u00edculos no Estad\u00e3o. Fique por dentro de lan\u00e7amentos e de hist\u00f3rias dos leitores e seus carros.","potentialAction":[{"@type":"SearchAction","target":{"@type":"EntryPoint","urlTemplate":"https:\/\/jornaldocarro.estadao.com.br\/?s={search_term_string}"},"query-input":{"@type":"PropertyValueSpecification","valueRequired":true,"valueName":"search_term_string"}}],"inLanguage":"pt-BR"}]}},"_links":{"self":[{"href":"https:\/\/jornaldocarro.estadao.com.br\/api\/wp\/v2\/oficina_mobilidade\/261334","targetHints":{"allow":["GET"]}}],"collection":[{"href":"https:\/\/jornaldocarro.estadao.com.br\/api\/wp\/v2\/oficina_mobilidade"}],"about":[{"href":"https:\/\/jornaldocarro.estadao.com.br\/api\/wp\/v2\/types\/oficina_mobilidade"}],"version-history":[{"count":2,"href":"https:\/\/jornaldocarro.estadao.com.br\/api\/wp\/v2\/oficina_mobilidade\/261334\/revisions"}],"predecessor-version":[{"id":261347,"href":"https:\/\/jornaldocarro.estadao.com.br\/api\/wp\/v2\/oficina_mobilidade\/261334\/revisions\/261347"}],"wp:featuredmedia":[{"embeddable":true,"href":"https:\/\/jornaldocarro.estadao.com.br\/api\/wp\/v2\/media\/261345"}],"wp:attachment":[{"href":"https:\/\/jornaldocarro.estadao.com.br\/api\/wp\/v2\/media?parent=261334"}],"curies":[{"name":"wp","href":"https:\/\/api.w.org\/{rel}","templated":true}]}}