{"id":128691,"date":"2019-11-26T16:49:00","date_gmt":"2019-11-26T19:49:00","guid":{"rendered":"https:\/\/jornaldocarro.estadao.com.br\/?page_id=128691"},"modified":"2019-11-29T18:18:11","modified_gmt":"2019-11-29T21:18:11","slug":"volkswagen","status":"publish","type":"page","link":"https:\/\/jornaldocarro.estadao.com.br\/premio2020\/volkswagen\/","title":{"rendered":"Volkswagen"},"content":{"rendered":"<p>[vc_section][vc_row full_width=\u201dstretch_row_content_no_spaces\u201d][vc_column][vc_single_image image=\u201d128529\u2033 img_size=\u201dfull\u201d alignment=\u201dcenter\u201d css=\u201d.vc_custom_1574797738451{margin-top: 0px !important;margin-bottom: 0px !important;padding-top: 20px !important;padding-bottom: 20px !important;}\u201d][vc_row_inner disable_element=\u201dyes\u201d css=\u201d.vc_custom_1575062266395{background-position: center !important;background-repeat: no-repeat !important;background-size: cover !important;}\u201d el_class=\u201dpost-banner post-banner-volkswagen\u201d][vc_column_inner offset=\u201dvc_hidden-sm vc_hidden-xs\u201d][vc_empty_space height=\u201d\u201d][\/vc_column_inner][\/vc_row_inner][\/vc_column][\/vc_row][vc_row full_width=\u201dstretch_row\u201d el_class=\u201dbg-dark section \u201c][vc_column][vc_column_text el_class=\u201dtext-center text-white\u201d]<\/p><h2 class=\"h1\">Premia\u00e7\u00e3o<\/h2><p>[\/vc_column_text][vc_raw_html el_class=\u201dembed-container\u201d]JTNDaWZyYW1lJTIwc3JjJTNEJTIyaHR0cHMlM0ElMkYlMkZ3d3cueW91dHViZS5jb20lMkZlbWJlZCUyRmRHUFc5U2ExZU5vJTNGcmVsJTNEMCUyNmxvb3AlM0QxJTI2cGxheWxpcyUzRGl5S2dhOGxYVkVVJTIyJTIwZnJhbWVib3JkZXIlM0QlMjIwJTIyJTIwYWxsb3clM0QlMjJhY2NlbGVyb21ldGVyJTNCJTIwZW5jcnlwdGVkLW1lZGlhJTNCJTIwZ3lyb3Njb3BlJTNCJTIwcGljdHVyZS1pbi1waWN0dXJlJTIyJTIwYWxsb3dmdWxsc2NyZWVuJTNFJTNDJTJGaWZyYW1lJTNF[\/vc_raw_html][\/vc_column][\/vc_row][\/vc_section][vc_section el_class=\u201dmt-5\u2033][vc_row el_class=\u201dtext-center ad\u201d][vc_column][\/vc_column][\/vc_row][vc_row css=\u201d.vc_custom_1571417724552{margin-bottom: 40px !important;}\u201d][vc_column el_class=\u201dsticky-top\u201d offset=\u201dvc_col-lg-3 vc_hidden-md vc_hidden-sm vc_hidden-xs\u201d][\/vc_column][vc_column el_class=\u201dpost-body\u201d offset=\u201dvc_col-lg-6 vc_col-md-12\u2033][vc_column_text css=\u201d.vc_custom_1574792233890{margin-bottom: 0px !important;}\u201d]<\/p><h2 class=\"h3 mb-4\">Voto especialistas<\/h2><p>[\/vc_column_text][vc_separator el_class=\u201dline-left-divider\u201d][vc_row_inner el_id=\u201dmelhor-hatch-compacto\u201d][vc_column_inner][vc_column_text el_class=\u201dmb-2 star-title h2\u2033]<\/p>\n  <div style=\"width: 100%;\" id=\"render-hmeio-1\"><\/div>\n    <script type=\"text\/javascript\">\n      if(window.innerWidth > 1){\n        $(\"#render-hmeio-1\").append(`\n          <div class=\"area-publicidade-rectangular hmeio\">\n            <p>Publicidade\n            <div class=\"area-publicidade\">\n              <div id=\"hmeio1\">\n            \n          \n        `);\n\n        \n    window.jornaldocarro = window.jornaldocarro || {};\n    window.jornaldocarro.slotsAds = window.jornaldocarro.slotsAds || [];\n    window.jornaldocarro.slotsAds.push(\"hmeio1\");\n  \n      }\n    <\/script>\n  <br><h3>Melhor hatch compacto<\/h3><p>[\/vc_column_text][vc_column_text css=\u201d.vc_custom_1574798854137{margin-bottom: 20px !important;}\u201d el_class=\u201dlead pl-4\u2033]Volkswagen Polo[\/vc_column_text][vc_single_image image=\u201d128718\u2033 img_size=\u201dfull\u201d][vc_column_text]<\/p><h3>Bicampeonato garantido<\/h3><p>[\/vc_column_text][vc_column_text]No ano passado, n\u00e3o foi nenhuma surpresa o Polo ter ficado com o t\u00edtulo de melhor hatch compacto. Afinal, os concorrentes estavam envelhecendo, enquanto ele esnobava sua moderna plataforma MQB-A0, andava alinhado com o irm\u00e3o alem\u00e3o e ainda vinha com pre\u00e7o competitivo.[\/vc_column_text][vc_column_text]<\/p><h3>Pr\u00f3s<\/h3><p><strong>Conjunto.\u00a0<\/strong>Plataforma moderna garante boa dirigibilidade em qualquer vers\u00e3o.<\/p>\n  <div style=\"width: 100%;\" id=\"render-hmeio-2\"><\/div>\n    <script type=\"text\/javascript\">\n      if(window.innerWidth > 1){\n        $(\"#render-hmeio-2\").append(`\n          <div class=\"area-publicidade-rectangular hmeio\">\n            <p>Publicidade\n            <div class=\"area-publicidade\">\n              <div id=\"hmeio2\">\n            \n          \n        `);\n\n        \n    window.jornaldocarro = window.jornaldocarro || {};\n    window.jornaldocarro.slotsAds = window.jornaldocarro.slotsAds || [];\n    window.jornaldocarro.slotsAds.push(\"hmeio2\");\n  \n      }\n    <\/script>\n  <br><h3>Contras<\/h3><p><strong>Acabamento.<\/strong>\u00a0Revestimento interno \u00e9 simples, com excesso de pl\u00e1stico r\u00edgido.[\/vc_column_text][\/vc_column_inner][\/vc_row_inner][vc_separator][vc_row_inner el_id=\u201dmelhor-motor-ate-1-0\u2033][vc_column_inner][vc_column_text el_class=\u201dmb-2 star-title h2\u2033]<\/p><h3>Melhor motor at\u00e9 1.0<\/h3><p>[\/vc_column_text][vc_column_text css=\u201d.vc_custom_1574797634190{margin-bottom: 20px !important;}\u201d el_class=\u201dlead pl-4\u2033]Volkswagen 1.0 TSI[\/vc_column_text][vc_single_image image=\u201d128692\u2033 img_size=\u201dfull\u201d][vc_column_text]O motor 1.0 TSI de tr\u00eas cilindros da Volkswagen foi lan\u00e7ado em 2015, no Up!. Pela primeira vez, um motor conjugava turbocompressor, inje\u00e7\u00e3o direta e tecnologia flex\u00edvel. N\u00e3o por acaso, ele foi o vencedor em sua categoria no ano passado, e voltou a ocupar a posi\u00e7\u00e3o. Al\u00e9m de permanecer no Up!, onde rende at\u00e9 105 cv de pot\u00eancia e 16,8 mkgf de torque, atualmente ele equipa tamb\u00e9m Polo, Virtus e T-Cross. Nesse caso, rende at\u00e9 128 cv e 20,4 mkgf.[\/vc_column_text][\/vc_column_inner][\/vc_row_inner][\/vc_column][vc_column el_class=\u201dsticky-top\u201d offset=\u201dvc_col-lg-3 vc_hidden-md vc_hidden-sm vc_hidden-xs\u201d][\/vc_column][\/vc_row][\/vc_section]<\/p>","protected":false},"excerpt":{"rendered":"<p>[vc_section][vc_row full_width=\u201dstretch_row_content_no_spaces\u201d][vc_column][vc_single_image image=\u201d128529\u2033 img_size=\u201dfull\u201d alignment=\u201dcenter\u201d css=\u201d.vc_custom_1574797738451{margin-top: 0px !important;margin-bottom: 0px !important;padding-top: 20px !important;padding-bottom: 20px !important;}\u201d][vc_row_inner disable_element=\u201dyes\u201d css=\u201d.vc_custom_1575062266395{background-position: center !important;background-repeat: no-repeat !important;background-size:<a rel=\"nofollow\" href=\"https:\/\/jornaldocarro.estadao.com.br\/premio2020\/volkswagen\/\" aria-label=\"... leia mais\" role=\"link\">&#8230; leia mais<\/a><\/p>\n","protected":false},"author":2,"featured_media":0,"parent":128475,"menu_order":0,"comment_status":"closed","ping_status":"closed","template":"mini-site\/page-mini-site-child.php","meta":{"footnotes":""},"class_list":["post-128691","page","type-page","status-publish","hentry"],"yoast_head":"<!-- This site is optimized with the Yoast SEO plugin v23.5 - https:\/\/yoast.com\/wordpress\/plugins\/seo\/ -->\n<title>Volkswagen - Jornal do Carro - Estad\u00e3o<\/title>\n<meta name=\"description\" content=\"Premia\u00e7\u00e3o\" \/>\n<meta name=\"robots\" content=\"index, follow, max-snippet:-1, max-image-preview:large, max-video-preview:-1\" \/>\n<link rel=\"canonical\" href=\"https:\/\/jornaldocarro.estadao.com.br\/premio2020\/volkswagen\/\" \/>\n<meta name=\"twitter:card\" content=\"summary_large_image\" \/>\n<meta name=\"twitter:title\" content=\"Volkswagen - Jornal do Carro - Estad\u00e3o\" \/>\n<meta name=\"twitter:description\" content=\"Premia\u00e7\u00e3o\" \/>\n<meta name=\"twitter:label1\" content=\"Est. tempo de leitura\" \/>\n\t<meta name=\"twitter:data1\" content=\"3 minutos\" \/>\n<script type=\"application\/ld+json\" class=\"yoast-schema-graph\">{\"@context\":\"https:\/\/schema.org\",\"@graph\":[{\"@type\":\"WebPage\",\"@id\":\"https:\/\/jornaldocarro.estadao.com.br\/premio2020\/volkswagen\/\",\"url\":\"https:\/\/jornaldocarro.estadao.com.br\/premio2020\/volkswagen\/\",\"name\":\"Volkswagen - Jornal do Carro - Estad\u00e3o\",\"isPartOf\":{\"@id\":\"https:\/\/jornaldocarro.estadao.com.br\/#website\"},\"datePublished\":\"2019-11-26T19:49:00+00:00\",\"dateModified\":\"2019-11-29T21:18:11+00:00\",\"description\":\"Premia\u00e7\u00e3o\",\"breadcrumb\":{\"@id\":\"https:\/\/jornaldocarro.estadao.com.br\/premio2020\/volkswagen\/#breadcrumb\"},\"inLanguage\":\"pt-BR\",\"potentialAction\":[{\"@type\":\"ReadAction\",\"target\":[\"https:\/\/jornaldocarro.estadao.com.br\/premio2020\/volkswagen\/\"]}]},{\"@type\":\"BreadcrumbList\",\"@id\":\"https:\/\/jornaldocarro.estadao.com.br\/premio2020\/volkswagen\/#breadcrumb\",\"itemListElement\":[{\"@type\":\"ListItem\",\"position\":1,\"name\":\"In\u00edcio\",\"item\":\"https:\/\/jornaldocarro.estadao.com.br\/\"},{\"@type\":\"ListItem\",\"position\":2,\"name\":\"Pr\u00eamio Os melhores 2020 - Vencedores\",\"item\":\"https:\/\/jornaldocarro.estadao.com.br\/premio2020\/\"},{\"@type\":\"ListItem\",\"position\":3,\"name\":\"Volkswagen\"}]},{\"@type\":\"WebSite\",\"@id\":\"https:\/\/jornaldocarro.estadao.com.br\/#website\",\"url\":\"https:\/\/jornaldocarro.estadao.com.br\/\",\"name\":\"Jornal do Carro - Estad\u00e3o\",\"description\":\"O portal sobre carros, motos e tudo sobre o tema ve\u00edculos no Estad\u00e3o. Fique por dentro de lan\u00e7amentos e de hist\u00f3rias dos leitores e seus carros.\",\"potentialAction\":[{\"@type\":\"SearchAction\",\"target\":{\"@type\":\"EntryPoint\",\"urlTemplate\":\"https:\/\/jornaldocarro.estadao.com.br\/?s={search_term_string}\"},\"query-input\":{\"@type\":\"PropertyValueSpecification\",\"valueRequired\":true,\"valueName\":\"search_term_string\"}}],\"inLanguage\":\"pt-BR\"}]}<\/script>\n<!-- \/ Yoast SEO plugin. -->","yoast_head_json":{"title":"Volkswagen - Jornal do Carro - Estad\u00e3o","description":"Premia\u00e7\u00e3o","robots":{"index":"index","follow":"follow","max-snippet":"max-snippet:-1","max-image-preview":"max-image-preview:large","max-video-preview":"max-video-preview:-1"},"canonical":"https:\/\/jornaldocarro.estadao.com.br\/premio2020\/volkswagen\/","twitter_card":"summary_large_image","twitter_title":"Volkswagen - Jornal do Carro - Estad\u00e3o","twitter_description":"Premia\u00e7\u00e3o","twitter_misc":{"Est. tempo de leitura":"3 minutos"},"schema":{"@context":"https:\/\/schema.org","@graph":[{"@type":"WebPage","@id":"https:\/\/jornaldocarro.estadao.com.br\/premio2020\/volkswagen\/","url":"https:\/\/jornaldocarro.estadao.com.br\/premio2020\/volkswagen\/","name":"Volkswagen - Jornal do Carro - Estad\u00e3o","isPartOf":{"@id":"https:\/\/jornaldocarro.estadao.com.br\/#website"},"datePublished":"2019-11-26T19:49:00+00:00","dateModified":"2019-11-29T21:18:11+00:00","description":"Premia\u00e7\u00e3o","breadcrumb":{"@id":"https:\/\/jornaldocarro.estadao.com.br\/premio2020\/volkswagen\/#breadcrumb"},"inLanguage":"pt-BR","potentialAction":[{"@type":"ReadAction","target":["https:\/\/jornaldocarro.estadao.com.br\/premio2020\/volkswagen\/"]}]},{"@type":"BreadcrumbList","@id":"https:\/\/jornaldocarro.estadao.com.br\/premio2020\/volkswagen\/#breadcrumb","itemListElement":[{"@type":"ListItem","position":1,"name":"In\u00edcio","item":"https:\/\/jornaldocarro.estadao.com.br\/"},{"@type":"ListItem","position":2,"name":"Pr\u00eamio Os melhores 2020 - Vencedores","item":"https:\/\/jornaldocarro.estadao.com.br\/premio2020\/"},{"@type":"ListItem","position":3,"name":"Volkswagen"}]},{"@type":"WebSite","@id":"https:\/\/jornaldocarro.estadao.com.br\/#website","url":"https:\/\/jornaldocarro.estadao.com.br\/","name":"Jornal do Carro - Estad\u00e3o","description":"O portal sobre carros, motos e tudo sobre o tema ve\u00edculos no Estad\u00e3o. Fique por dentro de lan\u00e7amentos e de hist\u00f3rias dos leitores e seus carros.","potentialAction":[{"@type":"SearchAction","target":{"@type":"EntryPoint","urlTemplate":"https:\/\/jornaldocarro.estadao.com.br\/?s={search_term_string}"},"query-input":{"@type":"PropertyValueSpecification","valueRequired":true,"valueName":"search_term_string"}}],"inLanguage":"pt-BR"}]}},"_links":{"self":[{"href":"https:\/\/jornaldocarro.estadao.com.br\/api\/wp\/v2\/pages\/128691","targetHints":{"allow":["GET"]}}],"collection":[{"href":"https:\/\/jornaldocarro.estadao.com.br\/api\/wp\/v2\/pages"}],"about":[{"href":"https:\/\/jornaldocarro.estadao.com.br\/api\/wp\/v2\/types\/page"}],"author":[{"embeddable":true,"href":"https:\/\/jornaldocarro.estadao.com.br\/api\/wp\/v2\/users\/2"}],"replies":[{"embeddable":true,"href":"https:\/\/jornaldocarro.estadao.com.br\/api\/wp\/v2\/comments?post=128691"}],"version-history":[{"count":6,"href":"https:\/\/jornaldocarro.estadao.com.br\/api\/wp\/v2\/pages\/128691\/revisions"}],"predecessor-version":[{"id":129031,"href":"https:\/\/jornaldocarro.estadao.com.br\/api\/wp\/v2\/pages\/128691\/revisions\/129031"}],"up":[{"embeddable":true,"href":"https:\/\/jornaldocarro.estadao.com.br\/api\/wp\/v2\/pages\/128475"}],"wp:attachment":[{"href":"https:\/\/jornaldocarro.estadao.com.br\/api\/wp\/v2\/media?parent=128691"}],"curies":[{"name":"wp","href":"https:\/\/api.w.org\/{rel}","templated":true}]}}