{"id":128736,"date":"2019-11-26T17:37:47","date_gmt":"2019-11-26T20:37:47","guid":{"rendered":"https:\/\/jornaldocarro.estadao.com.br\/?page_id=128736"},"modified":"2019-11-29T18:28:41","modified_gmt":"2019-11-29T21:28:41","slug":"hyundai","status":"publish","type":"page","link":"https:\/\/jornaldocarro.estadao.com.br\/premio2020\/hyundai\/","title":{"rendered":"Hyundai"},"content":{"rendered":"<p>[vc_section][vc_row full_width=\u201dstretch_row_content_no_spaces\u201d][vc_column][vc_single_image image=\u201d128537\u2033 img_size=\u201dfull\u201d alignment=\u201dcenter\u201d css=\u201d.vc_custom_1574800472212{margin-top: 0px !important;margin-bottom: 0px !important;padding-top: 20px !important;padding-bottom: 20px !important;}\u201d][vc_row_inner disable_element=\u201dyes\u201d css=\u201d.vc_custom_1575062848721{background-position: center !important;background-repeat: no-repeat !important;background-size: cover !important;}\u201d el_class=\u201dpost-banner post-banner-hyundai\u201d][vc_column_inner offset=\u201dvc_hidden-sm vc_hidden-xs\u201d][vc_empty_space height=\u201d\u201d][\/vc_column_inner][\/vc_row_inner][\/vc_column][\/vc_row][vc_row full_width=\u201dstretch_row\u201d el_class=\u201dbg-dark section \u201c][vc_column][vc_column_text el_class=\u201dtext-center text-white\u201d]<\/p><h2 class=\"h1\">Premia\u00e7\u00e3o<\/h2><p>[\/vc_column_text][vc_raw_html el_class=\u201dembed-container\u201d]JTNDaWZyYW1lJTIwc3JjJTNEJTIyaHR0cHMlM0ElMkYlMkZ3d3cueW91dHViZS5jb20lMkZlbWJlZCUyRm9XLWFNcEtxUmJ3JTNGcmVsJTNEMCUyNmxvb3AlM0QxJTI2cGxheWxpcyUzRGl5S2dhOGxYVkVVJTIyJTIwZnJhbWVib3JkZXIlM0QlMjIwJTIyJTIwYWxsb3clM0QlMjJhY2NlbGVyb21ldGVyJTNCJTIwZW5jcnlwdGVkLW1lZGlhJTNCJTIwZ3lyb3Njb3BlJTNCJTIwcGljdHVyZS1pbi1waWN0dXJlJTIyJTIwYWxsb3dmdWxsc2NyZWVuJTNFJTNDJTJGaWZyYW1lJTNF[\/vc_raw_html][\/vc_column][\/vc_row][\/vc_section][vc_section el_class=\u201dmt-5\u2033][vc_row el_class=\u201dtext-center ad\u201d][vc_column][\/vc_column][\/vc_row][vc_row css=\u201d.vc_custom_1571417724552{margin-bottom: 40px !important;}\u201d][vc_column el_class=\u201dsticky-top\u201d offset=\u201dvc_col-lg-3 vc_hidden-md vc_hidden-sm vc_hidden-xs\u201d][\/vc_column][vc_column el_class=\u201dpost-body\u201d offset=\u201dvc_col-lg-6 vc_col-md-12\u2033][vc_column_text css=\u201d.vc_custom_1574792233890{margin-bottom: 0px !important;}\u201d]<\/p><h2 class=\"h3 mb-4\">Voto especialistas<\/h2><p>[\/vc_column_text][vc_separator el_class=\u201dline-left-divider\u201d][vc_row_inner][vc_column_inner][vc_column_text el_class=\u201dmb-2 star-title h2\u2033]<\/p>\n  <div style=\"width: 100%;\" id=\"render-hmeio-1\"><\/div>\n    <script type=\"text\/javascript\">\n      if(window.innerWidth > 1){\n        $(\"#render-hmeio-1\").append(`\n          <div class=\"area-publicidade-rectangular hmeio\">\n            <p>Publicidade\n            <div class=\"area-publicidade\">\n              <div id=\"hmeio1\">\n            \n          \n        `);\n\n        \n    window.jornaldocarro = window.jornaldocarro || {};\n    window.jornaldocarro.slotsAds = window.jornaldocarro.slotsAds || [];\n    window.jornaldocarro.slotsAds.push(\"hmeio1\");\n  \n      }\n    <\/script>\n  <br><h3>Melhor SUV compacto<\/h3><p>[\/vc_column_text][vc_column_text css=&#x201D;.vc_custom_1574800538755{margin-bottom: 20px !important;}&#x201D; el_class=&#x201D;lead pl-4&#x2033;]<a id=\"post_keyword\" target=\"_blank\" href=\"https:\/\/jornaldocarro.estadao.com.br\/oferta\/hyundai-creta-ultimate-at\/?&amp;utm_source=linkagem&amp;utm_medium=cpl&amp;utm_campaign=ld_jc_creta&amp;utm_content=news_linkagem_jc_creta&amp;utm_term=news_creta&amp;utm_client=hyundai\">Hyundai<\/a> <a id=\"post_keyword\" target=\"_blank\" href=\"https:\/\/jornaldocarro.estadao.com.br\/oferta\/hyundai-creta-ultimate-at\/?&amp;utm_source=linkagem&amp;utm_medium=cpl&amp;utm_campaign=ld_jc_creta&amp;utm_content=news_linkagem_jc_creta&amp;utm_term=news_creta&amp;utm_client=hyundai\">Creta<\/a>[\/vc_column_text][vc_single_image image=&#x201D;128737&#x2033; img_size=&#x201D;full&#x201D;][vc_column_text css=&#x201D;.vc_custom_1574800578356{margin-bottom: 20px !important;}&#x201D;]<\/p><h3>Aposta na boa diversidade<\/h3><p>[\/vc_column_text][vc_column_text]Bicampe&#xE3;o, o <a id=\"post_keyword\" target=\"_blank\" href=\"https:\/\/jornaldocarro.estadao.com.br\/oferta\/hyundai-creta-ultimate-at\/?&amp;utm_source=linkagem&amp;utm_medium=cpl&amp;utm_campaign=ld_jc_creta&amp;utm_content=news_linkagem_jc_creta&amp;utm_term=news_creta&amp;utm_client=hyundai\">Hyundai<\/a> <a id=\"post_keyword\" target=\"_blank\" href=\"https:\/\/jornaldocarro.estadao.com.br\/oferta\/hyundai-creta-ultimate-at\/?&amp;utm_source=linkagem&amp;utm_medium=cpl&amp;utm_campaign=ld_jc_creta&amp;utm_content=news_linkagem_jc_creta&amp;utm_term=news_creta&amp;utm_client=hyundai\">Creta<\/a> manteve o t&#xED;tulo, mesmo com a chegada de um concorrente de peso, o VW T-Cross, e a renova&#xE7;&#xE3;o de outros, como o Honda HR-V e Jeep Renegade. Isso porque o vencedor tamb&#xE9;m se renovou, ganhou mais equipamentos e manteve suas qualidades, como o bom espa&#xE7;o interno (com seus 2,59 metros de entre-eixos) e um dos maiores porta-malas da categoria (s&#xE3;o 431 litros de capacidade).[\/vc_column_text][vc_column_text]<\/p><h3>Pr\u00f3s<\/h3><p><strong>Espa\u00e7o.<\/strong> <a id=\"post_keyword\" target=\"_blank\" href=\"https:\/\/jornaldocarro.estadao.com.br\/oferta\/hyundai-creta-ultimate-at\/?&amp;utm_source=linkagem&amp;utm_medium=cpl&amp;utm_campaign=ld_jc_creta&amp;utm_content=news_linkagem_jc_creta&amp;utm_term=news_creta&amp;utm_client=hyundai\">Creta<\/a> acomoda bem os ocupantes e tem porta-malas grande.<\/p>\n  <div style=\"width: 100%;\" id=\"render-hmeio-2\"><\/div>\n    <script type=\"text\/javascript\">\n      if(window.innerWidth > 1){\n        $(\"#render-hmeio-2\").append(`\n          <div class=\"area-publicidade-rectangular hmeio\">\n            <p>Publicidade\n            <div class=\"area-publicidade\">\n              <div id=\"hmeio2\">\n            \n          \n        `);\n\n        \n    window.jornaldocarro = window.jornaldocarro || {};\n    window.jornaldocarro.slotsAds = window.jornaldocarro.slotsAds || [];\n    window.jornaldocarro.slotsAds.push(\"hmeio2\");\n  \n      }\n    <\/script>\n  <br><h3>Contras<\/h3><p><strong>Acabamento.<\/strong> Cabine precisa melhorar em materiais e tamb\u00e9m no estilo.[\/vc_column_text][\/vc_column_inner][\/vc_row_inner][\/vc_column][vc_column el_class=\u201dsticky-top\u201d offset=\u201dvc_col-lg-3 vc_hidden-md vc_hidden-sm vc_hidden-xs\u201d][\/vc_column][\/vc_row][\/vc_section]<\/p>","protected":false},"excerpt":{"rendered":"<p>[vc_section][vc_row full_width=\u201dstretch_row_content_no_spaces\u201d][vc_column][vc_single_image image=\u201d128537\u2033 img_size=\u201dfull\u201d alignment=\u201dcenter\u201d css=\u201d.vc_custom_1574800472212{margin-top: 0px !important;margin-bottom: 0px !important;padding-top: 20px !important;padding-bottom: 20px !important;}\u201d][vc_row_inner disable_element=\u201dyes\u201d css=\u201d.vc_custom_1575062848721{background-position: center !important;background-repeat: no-repeat !important;background-size:<a rel=\"nofollow\" href=\"https:\/\/jornaldocarro.estadao.com.br\/premio2020\/hyundai\/\" aria-label=\"... leia mais\" role=\"link\">&#8230; leia mais<\/a><\/p>\n","protected":false},"author":2,"featured_media":0,"parent":128475,"menu_order":0,"comment_status":"closed","ping_status":"closed","template":"mini-site\/page-mini-site-child.php","meta":{"footnotes":""},"class_list":["post-128736","page","type-page","status-publish","hentry"],"yoast_head":"<!-- This site is optimized with the Yoast SEO plugin v23.5 - https:\/\/yoast.com\/wordpress\/plugins\/seo\/ -->\n<title>Hyundai - Jornal do Carro - Estad\u00e3o<\/title>\n<meta name=\"description\" content=\"Premia\u00e7\u00e3o\" \/>\n<meta name=\"robots\" content=\"index, follow, max-snippet:-1, max-image-preview:large, max-video-preview:-1\" \/>\n<link rel=\"canonical\" href=\"https:\/\/jornaldocarro.estadao.com.br\/premio2020\/hyundai\/\" \/>\n<meta name=\"twitter:card\" content=\"summary_large_image\" \/>\n<meta name=\"twitter:title\" content=\"Hyundai - Jornal do Carro - Estad\u00e3o\" \/>\n<meta name=\"twitter:description\" content=\"Premia\u00e7\u00e3o\" \/>\n<meta name=\"twitter:label1\" content=\"Est. tempo de leitura\" \/>\n\t<meta name=\"twitter:data1\" content=\"2 minutos\" \/>\n<script type=\"application\/ld+json\" class=\"yoast-schema-graph\">{\"@context\":\"https:\/\/schema.org\",\"@graph\":[{\"@type\":\"WebPage\",\"@id\":\"https:\/\/jornaldocarro.estadao.com.br\/premio2020\/hyundai\/\",\"url\":\"https:\/\/jornaldocarro.estadao.com.br\/premio2020\/hyundai\/\",\"name\":\"Hyundai - Jornal do Carro - Estad\u00e3o\",\"isPartOf\":{\"@id\":\"https:\/\/jornaldocarro.estadao.com.br\/#website\"},\"datePublished\":\"2019-11-26T20:37:47+00:00\",\"dateModified\":\"2019-11-29T21:28:41+00:00\",\"description\":\"Premia\u00e7\u00e3o\",\"breadcrumb\":{\"@id\":\"https:\/\/jornaldocarro.estadao.com.br\/premio2020\/hyundai\/#breadcrumb\"},\"inLanguage\":\"pt-BR\",\"potentialAction\":[{\"@type\":\"ReadAction\",\"target\":[\"https:\/\/jornaldocarro.estadao.com.br\/premio2020\/hyundai\/\"]}]},{\"@type\":\"BreadcrumbList\",\"@id\":\"https:\/\/jornaldocarro.estadao.com.br\/premio2020\/hyundai\/#breadcrumb\",\"itemListElement\":[{\"@type\":\"ListItem\",\"position\":1,\"name\":\"In\u00edcio\",\"item\":\"https:\/\/jornaldocarro.estadao.com.br\/\"},{\"@type\":\"ListItem\",\"position\":2,\"name\":\"Pr\u00eamio Os melhores 2020 - Vencedores\",\"item\":\"https:\/\/jornaldocarro.estadao.com.br\/premio2020\/\"},{\"@type\":\"ListItem\",\"position\":3,\"name\":\"Hyundai\"}]},{\"@type\":\"WebSite\",\"@id\":\"https:\/\/jornaldocarro.estadao.com.br\/#website\",\"url\":\"https:\/\/jornaldocarro.estadao.com.br\/\",\"name\":\"Jornal do Carro - Estad\u00e3o\",\"description\":\"O portal sobre carros, motos e tudo sobre o tema ve\u00edculos no Estad\u00e3o. Fique por dentro de lan\u00e7amentos e de hist\u00f3rias dos leitores e seus carros.\",\"potentialAction\":[{\"@type\":\"SearchAction\",\"target\":{\"@type\":\"EntryPoint\",\"urlTemplate\":\"https:\/\/jornaldocarro.estadao.com.br\/?s={search_term_string}\"},\"query-input\":{\"@type\":\"PropertyValueSpecification\",\"valueRequired\":true,\"valueName\":\"search_term_string\"}}],\"inLanguage\":\"pt-BR\"}]}<\/script>\n<!-- \/ Yoast SEO plugin. -->","yoast_head_json":{"title":"Hyundai - Jornal do Carro - Estad\u00e3o","description":"Premia\u00e7\u00e3o","robots":{"index":"index","follow":"follow","max-snippet":"max-snippet:-1","max-image-preview":"max-image-preview:large","max-video-preview":"max-video-preview:-1"},"canonical":"https:\/\/jornaldocarro.estadao.com.br\/premio2020\/hyundai\/","twitter_card":"summary_large_image","twitter_title":"Hyundai - Jornal do Carro - Estad\u00e3o","twitter_description":"Premia\u00e7\u00e3o","twitter_misc":{"Est. tempo de leitura":"2 minutos"},"schema":{"@context":"https:\/\/schema.org","@graph":[{"@type":"WebPage","@id":"https:\/\/jornaldocarro.estadao.com.br\/premio2020\/hyundai\/","url":"https:\/\/jornaldocarro.estadao.com.br\/premio2020\/hyundai\/","name":"Hyundai - Jornal do Carro - Estad\u00e3o","isPartOf":{"@id":"https:\/\/jornaldocarro.estadao.com.br\/#website"},"datePublished":"2019-11-26T20:37:47+00:00","dateModified":"2019-11-29T21:28:41+00:00","description":"Premia\u00e7\u00e3o","breadcrumb":{"@id":"https:\/\/jornaldocarro.estadao.com.br\/premio2020\/hyundai\/#breadcrumb"},"inLanguage":"pt-BR","potentialAction":[{"@type":"ReadAction","target":["https:\/\/jornaldocarro.estadao.com.br\/premio2020\/hyundai\/"]}]},{"@type":"BreadcrumbList","@id":"https:\/\/jornaldocarro.estadao.com.br\/premio2020\/hyundai\/#breadcrumb","itemListElement":[{"@type":"ListItem","position":1,"name":"In\u00edcio","item":"https:\/\/jornaldocarro.estadao.com.br\/"},{"@type":"ListItem","position":2,"name":"Pr\u00eamio Os melhores 2020 - Vencedores","item":"https:\/\/jornaldocarro.estadao.com.br\/premio2020\/"},{"@type":"ListItem","position":3,"name":"Hyundai"}]},{"@type":"WebSite","@id":"https:\/\/jornaldocarro.estadao.com.br\/#website","url":"https:\/\/jornaldocarro.estadao.com.br\/","name":"Jornal do Carro - Estad\u00e3o","description":"O portal sobre carros, motos e tudo sobre o tema ve\u00edculos no Estad\u00e3o. Fique por dentro de lan\u00e7amentos e de hist\u00f3rias dos leitores e seus carros.","potentialAction":[{"@type":"SearchAction","target":{"@type":"EntryPoint","urlTemplate":"https:\/\/jornaldocarro.estadao.com.br\/?s={search_term_string}"},"query-input":{"@type":"PropertyValueSpecification","valueRequired":true,"valueName":"search_term_string"}}],"inLanguage":"pt-BR"}]}},"_links":{"self":[{"href":"https:\/\/jornaldocarro.estadao.com.br\/api\/wp\/v2\/pages\/128736","targetHints":{"allow":["GET"]}}],"collection":[{"href":"https:\/\/jornaldocarro.estadao.com.br\/api\/wp\/v2\/pages"}],"about":[{"href":"https:\/\/jornaldocarro.estadao.com.br\/api\/wp\/v2\/types\/page"}],"author":[{"embeddable":true,"href":"https:\/\/jornaldocarro.estadao.com.br\/api\/wp\/v2\/users\/2"}],"replies":[{"embeddable":true,"href":"https:\/\/jornaldocarro.estadao.com.br\/api\/wp\/v2\/comments?post=128736"}],"version-history":[{"count":3,"href":"https:\/\/jornaldocarro.estadao.com.br\/api\/wp\/v2\/pages\/128736\/revisions"}],"predecessor-version":[{"id":129038,"href":"https:\/\/jornaldocarro.estadao.com.br\/api\/wp\/v2\/pages\/128736\/revisions\/129038"}],"up":[{"embeddable":true,"href":"https:\/\/jornaldocarro.estadao.com.br\/api\/wp\/v2\/pages\/128475"}],"wp:attachment":[{"href":"https:\/\/jornaldocarro.estadao.com.br\/api\/wp\/v2\/media?parent=128736"}],"curies":[{"name":"wp","href":"https:\/\/api.w.org\/{rel}","templated":true}]}}