{"id":128755,"date":"2019-11-26T18:11:14","date_gmt":"2019-11-26T21:11:14","guid":{"rendered":"https:\/\/jornaldocarro.estadao.com.br\/?page_id=128755"},"modified":"2019-11-29T18:37:31","modified_gmt":"2019-11-29T21:37:31","slug":"porsche","status":"publish","type":"page","link":"https:\/\/jornaldocarro.estadao.com.br\/premio2020\/porsche\/","title":{"rendered":"Porsche"},"content":{"rendered":"<p>[vc_section][vc_row full_width=\u201dstretch_row_content_no_spaces\u201d][vc_column][vc_single_image image=\u201d128542\u2033 img_size=\u201dfull\u201d alignment=\u201dcenter\u201d css=\u201d.vc_custom_1574802330932{margin-top: 0px !important;margin-bottom: 0px !important;padding-top: 20px !important;padding-bottom: 20px !important;}\u201d][vc_row_inner disable_element=\u201dyes\u201d css=\u201d.vc_custom_1575062119509{background-position: center !important;background-repeat: no-repeat !important;background-size: cover !important;}\u201d el_class=\u201dpost-banner post-banner-porsche\u201d][vc_column_inner offset=\u201dvc_hidden-sm vc_hidden-xs\u201d][vc_empty_space height=\u201d\u201d][\/vc_column_inner][\/vc_row_inner][\/vc_column][\/vc_row][vc_row full_width=\u201dstretch_row_content\u201d el_class=\u201dbg-dark section\u201d][vc_column][vc_column_text el_class=\u201dtext-center text-white\u201d]<\/p><h2 class=\"h1\">Premia\u00e7\u00e3o<\/h2><p>[\/vc_column_text][vc_row_inner][vc_column_inner width=\u201d1\/2\u2033][vc_raw_html el_class=\u201dembed-container\u201d]JTNDaWZyYW1lJTIwc3JjJTNEJTIyaHR0cHMlM0ElMkYlMkZ3d3cueW91dHViZS5jb20lMkZlbWJlZCUyRlBWUEQ3b3VDRUswJTNGcmVsJTNEMCUyNmxvb3AlM0QxJTI2cGxheWxpcyUzRGl5S2dhOGxYVkVVJTIyJTIwZnJhbWVib3JkZXIlM0QlMjIwJTIyJTIwYWxsb3clM0QlMjJhY2NlbGVyb21ldGVyJTNCJTIwZW5jcnlwdGVkLW1lZGlhJTNCJTIwZ3lyb3Njb3BlJTNCJTIwcGljdHVyZS1pbi1waWN0dXJlJTIyJTIwYWxsb3dmdWxsc2NyZWVuJTNFJTNDJTJGaWZyYW1lJTNF[\/vc_raw_html][\/vc_column_inner][vc_column_inner width=\u201d1\/2\u2033][vc_raw_html el_class=\u201dembed-container\u201d]JTNDaWZyYW1lJTIwc3JjJTNEJTIyaHR0cHMlM0ElMkYlMkZ3d3cueW91dHViZS5jb20lMkZlbWJlZCUyRnNIUnAtZ203Y3o4JTNGcmVsJTNEMCUyNmxvb3AlM0QxJTI2cGxheWxpcyUzRGl5S2dhOGxYVkVVJTIyJTIwZnJhbWVib3JkZXIlM0QlMjIwJTIyJTIwYWxsb3clM0QlMjJhY2NlbGVyb21ldGVyJTNCJTIwZW5jcnlwdGVkLW1lZGlhJTNCJTIwZ3lyb3Njb3BlJTNCJTIwcGljdHVyZS1pbi1waWN0dXJlJTIyJTIwYWxsb3dmdWxsc2NyZWVuJTNFJTNDJTJGaWZyYW1lJTNF[\/vc_raw_html][\/vc_column_inner][\/vc_row_inner][\/vc_column][\/vc_row][\/vc_section][vc_section el_class=\u201dmt-5\u2033][vc_row el_class=\u201dtext-center ad\u201d][vc_column][\/vc_column][\/vc_row][vc_row css=\u201d.vc_custom_1571417724552{margin-bottom: 40px !important;}\u201d][vc_column el_class=\u201dsticky-top\u201d offset=\u201dvc_col-lg-3 vc_hidden-md vc_hidden-sm vc_hidden-xs\u201d][\/vc_column][vc_column el_class=\u201dpost-body\u201d offset=\u201dvc_col-lg-6 vc_col-md-12\u2033][vc_column_text css=\u201d.vc_custom_1574792233890{margin-bottom: 0px !important;}\u201d]<\/p><h2 class=\"h3 mb-4\">Voto especialistas<\/h2><p>[\/vc_column_text][vc_separator el_class=\u201dline-left-divider\u201d][vc_row_inner el_id=\u201dmelhor-esportivo\u201d][vc_column_inner][vc_column_text el_class=\u201dmb-2 star-title h2\u2033]<\/p>\n  <div style=\"width: 100%;\" id=\"render-hmeio-1\"><\/div>\n    <script type=\"text\/javascript\">\n      if(window.innerWidth > 1){\n        $(\"#render-hmeio-1\").append(`\n          <div class=\"area-publicidade-rectangular hmeio\">\n            <p>Publicidade\n            <div class=\"area-publicidade\">\n              <div id=\"hmeio1\">\n            \n          \n        `);\n\n        \n    window.jornaldocarro = window.jornaldocarro || {};\n    window.jornaldocarro.slotsAds = window.jornaldocarro.slotsAds || [];\n    window.jornaldocarro.slotsAds.push(\"hmeio1\");\n  \n      }\n    <\/script>\n  <br><h3>Melhor esportivo<\/h3><p>[\/vc_column_text][vc_column_text css=\u201d.vc_custom_1574802380739{margin-bottom: 20px !important;}\u201d el_class=\u201dlead pl-4\u2033]Porsche 911[\/vc_column_text][vc_single_image image=\u201d128756\u2033 img_size=\u201dfull\u201d][vc_column_text css=\u201d.vc_custom_1574802617674{margin-bottom: 20px !important;}\u201d]<\/p><h3>\u00cdcone da esportividade<\/h3><p>[\/vc_column_text][vc_column_text]Em ano de chegada da nova gera\u00e7\u00e3o do Porsche 911, a concorr\u00eancia j\u00e1 sabe que ter\u00e1 poucas chances. O \u00edcone da esportividade automotiva, dispon\u00edvel nas vers\u00f5es cup\u00ea e convers\u00edvel, conseguiu agregar ousado pacote tecnol\u00f3gico \u00e0 ess\u00eancia que cativa os apaixonados por carros ao longo dos anos.[\/vc_column_text][vc_column_text]<\/p><h3>Pr\u00f3s<\/h3><p><strong>Comportamento.<\/strong> Carro \u00e9 muito r\u00e1pido, ronca alto e traz extremo equil\u00edbrio em curvas.<\/p>\n  <div style=\"width: 100%;\" id=\"render-hmeio-2\"><\/div>\n    <script type=\"text\/javascript\">\n      if(window.innerWidth > 1){\n        $(\"#render-hmeio-2\").append(`\n          <div class=\"area-publicidade-rectangular hmeio\">\n            <p>Publicidade\n            <div class=\"area-publicidade\">\n              <div id=\"hmeio2\">\n            \n          \n        `);\n\n        \n    window.jornaldocarro = window.jornaldocarro || {};\n    window.jornaldocarro.slotsAds = window.jornaldocarro.slotsAds || [];\n    window.jornaldocarro.slotsAds.push(\"hmeio2\");\n  \n      }\n    <\/script>\n  <br><h3>Contras<\/h3><p><strong>Espa\u00e7o atr\u00e1s.<\/strong> No banco traseiro, nem crian\u00e7as ficam bem acomodadas.[\/vc_column_text][\/vc_column_inner][\/vc_row_inner][vc_separator][vc_row_inner el_id=\u201dmelhor-veiculo-hibrido\u201d][vc_column_inner][vc_column_text el_class=\u201dmb-2 star-title h2\u2033]<\/p><h3 class=\"h2\">Melhor ve\u00edculo h\u00edbrido<\/h3><p>[\/vc_column_text][vc_column_text css=\u201d.vc_custom_1574802465076{margin-bottom: 20px !important;}\u201d el_class=\u201dlead pl-4\u2033]Porsche Panamera 4 E-Hybrid[\/vc_column_text][vc_single_image image=\u201d128757\u2033 img_size=\u201dfull\u201d][vc_column_text css=\u201d.vc_custom_1574802535156{margin-bottom: 20px !important;}\u201d]<\/p><h3>Um sed\u00e3 com alta tecnologia<\/h3><p>[\/vc_column_text][vc_column_text]O Panamera levou o trof\u00e9u de h\u00edbrido do ano por ser praticamente um canivete su\u00ed\u00e7o. O sed\u00e3 de luxo da Porsche \u00e9 potente, luxuoso, espa\u00e7oso e vira pesco\u00e7os por onde passa. Al\u00e9m disso, consegue rodar mais de 30 quil\u00f4metros por litro de gasolina em ciclo urbano, e ainda tratar muito bem os ocupantes.[\/vc_column_text][vc_column_text el_class=\u201dtext-success\u201d]<\/p>\n  <div style=\"width: 100%;\" id=\"render-hmeio-3\"><\/div>\n    <script type=\"text\/javascript\">\n      if(window.innerWidth > 1){\n        $(\"#render-hmeio-3\").append(`\n          <div class=\"area-publicidade-rectangular hmeio\">\n            <p>Publicidade\n            <div class=\"area-publicidade\">\n              <div id=\"hmeio3\">\n            \n          \n        `);\n\n        \n    window.jornaldocarro = window.jornaldocarro || {};\n    window.jornaldocarro.slotsAds = window.jornaldocarro.slotsAds || [];\n    window.jornaldocarro.slotsAds.push(\"hmeio3\");\n  \n      }\n    <\/script>\n  <br><h3>Pr\u00f3s<\/h3><p><strong>Conjunto h\u00edbrido.<\/strong> Sistema da Porsche \u00e9 \u00f3timo e V6 a gasolina \u00e9 pouco usado na cidade.[\/vc_column_text][vc_column_text el_class=\u201dtext-danger\u201d]<\/p><h3>Contras<\/h3><p><strong>Tamanho.<\/strong> Largo e comprido, Panamera pode ser dif\u00edcil de manejar na cidade.[\/vc_column_text][\/vc_column_inner][\/vc_row_inner][\/vc_column][vc_column el_class=\u201dsticky-top\u201d offset=\u201dvc_col-lg-3 vc_hidden-md vc_hidden-sm vc_hidden-xs\u201d][\/vc_column][\/vc_row][\/vc_section]<\/p>","protected":false},"excerpt":{"rendered":"<p>[vc_section][vc_row full_width=\u201dstretch_row_content_no_spaces\u201d][vc_column][vc_single_image image=\u201d128542\u2033 img_size=\u201dfull\u201d alignment=\u201dcenter\u201d css=\u201d.vc_custom_1574802330932{margin-top: 0px !important;margin-bottom: 0px !important;padding-top: 20px !important;padding-bottom: 20px !important;}\u201d][vc_row_inner disable_element=\u201dyes\u201d css=\u201d.vc_custom_1575062119509{background-position: center !important;background-repeat: no-repeat !important;background-size:<a rel=\"nofollow\" href=\"https:\/\/jornaldocarro.estadao.com.br\/premio2020\/porsche\/\" aria-label=\"... leia mais\" role=\"link\">&#8230; leia mais<\/a><\/p>\n","protected":false},"author":2,"featured_media":0,"parent":128475,"menu_order":0,"comment_status":"closed","ping_status":"closed","template":"mini-site\/page-mini-site-child.php","meta":{"footnotes":""},"class_list":["post-128755","page","type-page","status-publish","hentry"],"yoast_head":"<!-- This site is optimized with the Yoast SEO plugin v23.5 - https:\/\/yoast.com\/wordpress\/plugins\/seo\/ -->\n<title>Porsche - Jornal do Carro - Estad\u00e3o<\/title>\n<meta name=\"description\" content=\"Premia\u00e7\u00e3o\" \/>\n<meta name=\"robots\" content=\"index, follow, max-snippet:-1, max-image-preview:large, max-video-preview:-1\" \/>\n<link rel=\"canonical\" href=\"https:\/\/jornaldocarro.estadao.com.br\/premio2020\/porsche\/\" \/>\n<meta name=\"twitter:card\" content=\"summary_large_image\" \/>\n<meta name=\"twitter:title\" content=\"Porsche - Jornal do Carro - Estad\u00e3o\" \/>\n<meta name=\"twitter:description\" content=\"Premia\u00e7\u00e3o\" \/>\n<meta name=\"twitter:label1\" content=\"Est. tempo de leitura\" \/>\n\t<meta name=\"twitter:data1\" content=\"3 minutos\" \/>\n<script type=\"application\/ld+json\" class=\"yoast-schema-graph\">{\"@context\":\"https:\/\/schema.org\",\"@graph\":[{\"@type\":\"WebPage\",\"@id\":\"https:\/\/jornaldocarro.estadao.com.br\/premio2020\/porsche\/\",\"url\":\"https:\/\/jornaldocarro.estadao.com.br\/premio2020\/porsche\/\",\"name\":\"Porsche - Jornal do Carro - Estad\u00e3o\",\"isPartOf\":{\"@id\":\"https:\/\/jornaldocarro.estadao.com.br\/#website\"},\"datePublished\":\"2019-11-26T21:11:14+00:00\",\"dateModified\":\"2019-11-29T21:37:31+00:00\",\"description\":\"Premia\u00e7\u00e3o\",\"breadcrumb\":{\"@id\":\"https:\/\/jornaldocarro.estadao.com.br\/premio2020\/porsche\/#breadcrumb\"},\"inLanguage\":\"pt-BR\",\"potentialAction\":[{\"@type\":\"ReadAction\",\"target\":[\"https:\/\/jornaldocarro.estadao.com.br\/premio2020\/porsche\/\"]}]},{\"@type\":\"BreadcrumbList\",\"@id\":\"https:\/\/jornaldocarro.estadao.com.br\/premio2020\/porsche\/#breadcrumb\",\"itemListElement\":[{\"@type\":\"ListItem\",\"position\":1,\"name\":\"In\u00edcio\",\"item\":\"https:\/\/jornaldocarro.estadao.com.br\/\"},{\"@type\":\"ListItem\",\"position\":2,\"name\":\"Pr\u00eamio Os melhores 2020 - Vencedores\",\"item\":\"https:\/\/jornaldocarro.estadao.com.br\/premio2020\/\"},{\"@type\":\"ListItem\",\"position\":3,\"name\":\"Porsche\"}]},{\"@type\":\"WebSite\",\"@id\":\"https:\/\/jornaldocarro.estadao.com.br\/#website\",\"url\":\"https:\/\/jornaldocarro.estadao.com.br\/\",\"name\":\"Jornal do Carro - Estad\u00e3o\",\"description\":\"O portal sobre carros, motos e tudo sobre o tema ve\u00edculos no Estad\u00e3o. Fique por dentro de lan\u00e7amentos e de hist\u00f3rias dos leitores e seus carros.\",\"potentialAction\":[{\"@type\":\"SearchAction\",\"target\":{\"@type\":\"EntryPoint\",\"urlTemplate\":\"https:\/\/jornaldocarro.estadao.com.br\/?s={search_term_string}\"},\"query-input\":{\"@type\":\"PropertyValueSpecification\",\"valueRequired\":true,\"valueName\":\"search_term_string\"}}],\"inLanguage\":\"pt-BR\"}]}<\/script>\n<!-- \/ Yoast SEO plugin. -->","yoast_head_json":{"title":"Porsche - Jornal do Carro - Estad\u00e3o","description":"Premia\u00e7\u00e3o","robots":{"index":"index","follow":"follow","max-snippet":"max-snippet:-1","max-image-preview":"max-image-preview:large","max-video-preview":"max-video-preview:-1"},"canonical":"https:\/\/jornaldocarro.estadao.com.br\/premio2020\/porsche\/","twitter_card":"summary_large_image","twitter_title":"Porsche - Jornal do Carro - Estad\u00e3o","twitter_description":"Premia\u00e7\u00e3o","twitter_misc":{"Est. tempo de leitura":"3 minutos"},"schema":{"@context":"https:\/\/schema.org","@graph":[{"@type":"WebPage","@id":"https:\/\/jornaldocarro.estadao.com.br\/premio2020\/porsche\/","url":"https:\/\/jornaldocarro.estadao.com.br\/premio2020\/porsche\/","name":"Porsche - Jornal do Carro - Estad\u00e3o","isPartOf":{"@id":"https:\/\/jornaldocarro.estadao.com.br\/#website"},"datePublished":"2019-11-26T21:11:14+00:00","dateModified":"2019-11-29T21:37:31+00:00","description":"Premia\u00e7\u00e3o","breadcrumb":{"@id":"https:\/\/jornaldocarro.estadao.com.br\/premio2020\/porsche\/#breadcrumb"},"inLanguage":"pt-BR","potentialAction":[{"@type":"ReadAction","target":["https:\/\/jornaldocarro.estadao.com.br\/premio2020\/porsche\/"]}]},{"@type":"BreadcrumbList","@id":"https:\/\/jornaldocarro.estadao.com.br\/premio2020\/porsche\/#breadcrumb","itemListElement":[{"@type":"ListItem","position":1,"name":"In\u00edcio","item":"https:\/\/jornaldocarro.estadao.com.br\/"},{"@type":"ListItem","position":2,"name":"Pr\u00eamio Os melhores 2020 - Vencedores","item":"https:\/\/jornaldocarro.estadao.com.br\/premio2020\/"},{"@type":"ListItem","position":3,"name":"Porsche"}]},{"@type":"WebSite","@id":"https:\/\/jornaldocarro.estadao.com.br\/#website","url":"https:\/\/jornaldocarro.estadao.com.br\/","name":"Jornal do Carro - Estad\u00e3o","description":"O portal sobre carros, motos e tudo sobre o tema ve\u00edculos no Estad\u00e3o. Fique por dentro de lan\u00e7amentos e de hist\u00f3rias dos leitores e seus carros.","potentialAction":[{"@type":"SearchAction","target":{"@type":"EntryPoint","urlTemplate":"https:\/\/jornaldocarro.estadao.com.br\/?s={search_term_string}"},"query-input":{"@type":"PropertyValueSpecification","valueRequired":true,"valueName":"search_term_string"}}],"inLanguage":"pt-BR"}]}},"_links":{"self":[{"href":"https:\/\/jornaldocarro.estadao.com.br\/api\/wp\/v2\/pages\/128755","targetHints":{"allow":["GET"]}}],"collection":[{"href":"https:\/\/jornaldocarro.estadao.com.br\/api\/wp\/v2\/pages"}],"about":[{"href":"https:\/\/jornaldocarro.estadao.com.br\/api\/wp\/v2\/types\/page"}],"author":[{"embeddable":true,"href":"https:\/\/jornaldocarro.estadao.com.br\/api\/wp\/v2\/users\/2"}],"replies":[{"embeddable":true,"href":"https:\/\/jornaldocarro.estadao.com.br\/api\/wp\/v2\/comments?post=128755"}],"version-history":[{"count":6,"href":"https:\/\/jornaldocarro.estadao.com.br\/api\/wp\/v2\/pages\/128755\/revisions"}],"predecessor-version":[{"id":129046,"href":"https:\/\/jornaldocarro.estadao.com.br\/api\/wp\/v2\/pages\/128755\/revisions\/129046"}],"up":[{"embeddable":true,"href":"https:\/\/jornaldocarro.estadao.com.br\/api\/wp\/v2\/pages\/128475"}],"wp:attachment":[{"href":"https:\/\/jornaldocarro.estadao.com.br\/api\/wp\/v2\/media?parent=128755"}],"curies":[{"name":"wp","href":"https:\/\/api.w.org\/{rel}","templated":true}]}}