{"id":128783,"date":"2019-11-26T18:35:13","date_gmt":"2019-11-26T21:35:13","guid":{"rendered":"https:\/\/jornaldocarro.estadao.com.br\/?page_id=128783"},"modified":"2019-11-26T18:35:13","modified_gmt":"2019-11-26T21:35:13","slug":"honda","status":"publish","type":"page","link":"https:\/\/jornaldocarro.estadao.com.br\/premio2020\/honda\/","title":{"rendered":"Honda"},"content":{"rendered":"<p>[vc_section][vc_row full_width=\u201dstretch_row_content_no_spaces\u201d][vc_column][vc_single_image image=\u201d128550\u2033 img_size=\u201dfull\u201d alignment=\u201dcenter\u201d css=\u201d.vc_custom_1574803920240{margin-top: 0px !important;margin-bottom: 0px !important;padding-top: 20px !important;padding-bottom: 20px !important;}\u201d][vc_row_inner css=\u201d.vc_custom_1574803929030{background-position: center !important;background-repeat: no-repeat !important;background-size: cover !important;}\u201d el_class=\u201dpost-banner post-banner-honda\u201d][vc_column_inner offset=\u201dvc_hidden-sm vc_hidden-xs\u201d][vc_empty_space height=\u201d\u201d][\/vc_column_inner][\/vc_row_inner][\/vc_column][\/vc_row][vc_row full_width=\u201dstretch_row\u201d el_class=\u201dbg-dark section video-section\u201d][vc_column][vc_column_text el_class=\u201dtext-center text-white\u201d]<\/p><h2 class=\"h1\">Premia\u00e7\u00e3o<\/h2><p>[\/vc_column_text][vc_raw_html el_class=\u201dembed-container\u201d]JTNDaWZyYW1lJTIwc3JjJTNEJTIyaHR0cHMlM0ElMkYlMkZ3d3cueW91dHViZS5jb20lMkZlbWJlZCUyRml5S2dhOGxYVkVVJTNGcmVsJTNEMCUyNmxvb3AlM0QxJTI2cGxheWxpcyUzRGl5S2dhOGxYVkVVJTIyJTIwZnJhbWVib3JkZXIlM0QlMjIwJTIyJTIwYWxsb3clM0QlMjJhY2NlbGVyb21ldGVyJTNCJTIwZW5jcnlwdGVkLW1lZGlhJTNCJTIwZ3lyb3Njb3BlJTNCJTIwcGljdHVyZS1pbi1waWN0dXJlJTIyJTIwYWxsb3dmdWxsc2NyZWVuJTNFJTNDJTJGaWZyYW1lJTNF[\/vc_raw_html][\/vc_column][\/vc_row][\/vc_section][vc_section el_class=\u201dmt-5\u2033][vc_row el_class=\u201dtext-center ad\u201d][vc_column][\/vc_column][\/vc_row][vc_row css=\u201d.vc_custom_1571417724552{margin-bottom: 40px !important;}\u201d][vc_column el_class=\u201dsticky-top\u201d offset=\u201dvc_col-lg-3 vc_hidden-md vc_hidden-sm vc_hidden-xs\u201d][\/vc_column][vc_column el_class=\u201dpost-body\u201d offset=\u201dvc_col-lg-6 vc_col-md-12\u2033][vc_column_text css=\u201d.vc_custom_1574792233890{margin-bottom: 0px !important;}\u201d]<\/p><h2 class=\"h3 mb-4\">Voto especialistas<\/h2><p>[\/vc_column_text][vc_separator el_class=\u201dline-left-divider\u201d][vc_row_inner][vc_column_inner][vc_column_text el_class=\u201dmb-2 star-title h2\u2033]<\/p>\n  <div style=\"width: 100%;\" id=\"render-hmeio-1\"><\/div>\n    <script type=\"text\/javascript\">\n      if(window.innerWidth > 1){\n        $(\"#render-hmeio-1\").append(`\n          <div class=\"area-publicidade-rectangular hmeio\">\n            <p>Publicidade\n            <div class=\"area-publicidade\">\n              <div id=\"hmeio1\">\n            \n          \n        `);\n\n        \n    window.jornaldocarro = window.jornaldocarro || {};\n    window.jornaldocarro.slotsAds = window.jornaldocarro.slotsAds || [];\n    window.jornaldocarro.slotsAds.push(\"hmeio1\");\n  \n      }\n    <\/script>\n  <br><h3>Melhor motor acima de 1.0 at\u00e9 2.0<\/h3><p>[\/vc_column_text][vc_column_text css=\u201d.vc_custom_1574803974279{margin-bottom: 20px !important;}\u201d el_class=\u201dlead pl-4\u2033]Honda 1.5 turbo[\/vc_column_text][vc_single_image image=\u201d128784\u2033 img_size=\u201dfull\u201d][vc_column_text]O pequeno motor 1.5 turbo da Honda est\u00e1 provando sua versatilidade. Al\u00e9m equipar o Civic Touring desde 2016, ele est\u00e1 sob o cap\u00f4 de outros tr\u00eas modelos da marca: o esportivo Civic Si e dois SUVs (CR-V e HR-V Touring). Dependendo do modelo, recebe uma calibra\u00e7\u00e3o espec\u00edfica. No Civic e HR-V Touring, rende os mesmos 173 cavalos de pot\u00eancia e 22,4 mkgf de torque.[\/vc_column_text][\/vc_column_inner][\/vc_row_inner][\/vc_column][vc_column el_class=\u201dsticky-top\u201d offset=\u201dvc_col-lg-3 vc_hidden-md vc_hidden-sm vc_hidden-xs\u201d][\/vc_column][\/vc_row][\/vc_section]<\/p>","protected":false},"excerpt":{"rendered":"<p>[vc_section][vc_row full_width=\u201dstretch_row_content_no_spaces\u201d][vc_column][vc_single_image image=\u201d128550\u2033 img_size=\u201dfull\u201d alignment=\u201dcenter\u201d css=\u201d.vc_custom_1574803920240{margin-top: 0px !important;margin-bottom: 0px !important;padding-top: 20px !important;padding-bottom: 20px !important;}\u201d][vc_row_inner css=\u201d.vc_custom_1574803929030{background-position: center !important;background-repeat: no-repeat !important;background-size: cover<a rel=\"nofollow\" href=\"https:\/\/jornaldocarro.estadao.com.br\/premio2020\/honda\/\" aria-label=\"... leia mais\" role=\"link\">&#8230; leia mais<\/a><\/p>\n","protected":false},"author":2,"featured_media":0,"parent":128475,"menu_order":0,"comment_status":"closed","ping_status":"closed","template":"mini-site\/page-mini-site-child.php","meta":{"footnotes":""},"class_list":["post-128783","page","type-page","status-publish","hentry"],"yoast_head":"<!-- This site is optimized with the Yoast SEO plugin v23.5 - https:\/\/yoast.com\/wordpress\/plugins\/seo\/ -->\n<title>Honda - Jornal do Carro - Estad\u00e3o<\/title>\n<meta name=\"description\" content=\"Premia\u00e7\u00e3o\" \/>\n<meta name=\"robots\" content=\"index, follow, max-snippet:-1, max-image-preview:large, max-video-preview:-1\" \/>\n<link rel=\"canonical\" href=\"https:\/\/jornaldocarro.estadao.com.br\/premio2020\/honda\/\" \/>\n<meta name=\"twitter:card\" content=\"summary_large_image\" \/>\n<meta name=\"twitter:title\" content=\"Honda - Jornal do Carro - Estad\u00e3o\" \/>\n<meta name=\"twitter:description\" content=\"Premia\u00e7\u00e3o\" \/>\n<meta name=\"twitter:label1\" content=\"Est. tempo de leitura\" \/>\n\t<meta name=\"twitter:data1\" content=\"2 minutos\" \/>\n<script type=\"application\/ld+json\" class=\"yoast-schema-graph\">{\"@context\":\"https:\/\/schema.org\",\"@graph\":[{\"@type\":\"WebPage\",\"@id\":\"https:\/\/jornaldocarro.estadao.com.br\/premio2020\/honda\/\",\"url\":\"https:\/\/jornaldocarro.estadao.com.br\/premio2020\/honda\/\",\"name\":\"Honda - Jornal do Carro - Estad\u00e3o\",\"isPartOf\":{\"@id\":\"https:\/\/jornaldocarro.estadao.com.br\/#website\"},\"datePublished\":\"2019-11-26T21:35:13+00:00\",\"dateModified\":\"2019-11-26T21:35:13+00:00\",\"description\":\"Premia\u00e7\u00e3o\",\"breadcrumb\":{\"@id\":\"https:\/\/jornaldocarro.estadao.com.br\/premio2020\/honda\/#breadcrumb\"},\"inLanguage\":\"pt-BR\",\"potentialAction\":[{\"@type\":\"ReadAction\",\"target\":[\"https:\/\/jornaldocarro.estadao.com.br\/premio2020\/honda\/\"]}]},{\"@type\":\"BreadcrumbList\",\"@id\":\"https:\/\/jornaldocarro.estadao.com.br\/premio2020\/honda\/#breadcrumb\",\"itemListElement\":[{\"@type\":\"ListItem\",\"position\":1,\"name\":\"In\u00edcio\",\"item\":\"https:\/\/jornaldocarro.estadao.com.br\/\"},{\"@type\":\"ListItem\",\"position\":2,\"name\":\"Pr\u00eamio Os melhores 2020 - Vencedores\",\"item\":\"https:\/\/jornaldocarro.estadao.com.br\/premio2020\/\"},{\"@type\":\"ListItem\",\"position\":3,\"name\":\"Honda\"}]},{\"@type\":\"WebSite\",\"@id\":\"https:\/\/jornaldocarro.estadao.com.br\/#website\",\"url\":\"https:\/\/jornaldocarro.estadao.com.br\/\",\"name\":\"Jornal do Carro - Estad\u00e3o\",\"description\":\"O portal sobre carros, motos e tudo sobre o tema ve\u00edculos no Estad\u00e3o. Fique por dentro de lan\u00e7amentos e de hist\u00f3rias dos leitores e seus carros.\",\"potentialAction\":[{\"@type\":\"SearchAction\",\"target\":{\"@type\":\"EntryPoint\",\"urlTemplate\":\"https:\/\/jornaldocarro.estadao.com.br\/?s={search_term_string}\"},\"query-input\":{\"@type\":\"PropertyValueSpecification\",\"valueRequired\":true,\"valueName\":\"search_term_string\"}}],\"inLanguage\":\"pt-BR\"}]}<\/script>\n<!-- \/ Yoast SEO plugin. -->","yoast_head_json":{"title":"Honda - Jornal do Carro - Estad\u00e3o","description":"Premia\u00e7\u00e3o","robots":{"index":"index","follow":"follow","max-snippet":"max-snippet:-1","max-image-preview":"max-image-preview:large","max-video-preview":"max-video-preview:-1"},"canonical":"https:\/\/jornaldocarro.estadao.com.br\/premio2020\/honda\/","twitter_card":"summary_large_image","twitter_title":"Honda - Jornal do Carro - Estad\u00e3o","twitter_description":"Premia\u00e7\u00e3o","twitter_misc":{"Est. tempo de leitura":"2 minutos"},"schema":{"@context":"https:\/\/schema.org","@graph":[{"@type":"WebPage","@id":"https:\/\/jornaldocarro.estadao.com.br\/premio2020\/honda\/","url":"https:\/\/jornaldocarro.estadao.com.br\/premio2020\/honda\/","name":"Honda - Jornal do Carro - Estad\u00e3o","isPartOf":{"@id":"https:\/\/jornaldocarro.estadao.com.br\/#website"},"datePublished":"2019-11-26T21:35:13+00:00","dateModified":"2019-11-26T21:35:13+00:00","description":"Premia\u00e7\u00e3o","breadcrumb":{"@id":"https:\/\/jornaldocarro.estadao.com.br\/premio2020\/honda\/#breadcrumb"},"inLanguage":"pt-BR","potentialAction":[{"@type":"ReadAction","target":["https:\/\/jornaldocarro.estadao.com.br\/premio2020\/honda\/"]}]},{"@type":"BreadcrumbList","@id":"https:\/\/jornaldocarro.estadao.com.br\/premio2020\/honda\/#breadcrumb","itemListElement":[{"@type":"ListItem","position":1,"name":"In\u00edcio","item":"https:\/\/jornaldocarro.estadao.com.br\/"},{"@type":"ListItem","position":2,"name":"Pr\u00eamio Os melhores 2020 - Vencedores","item":"https:\/\/jornaldocarro.estadao.com.br\/premio2020\/"},{"@type":"ListItem","position":3,"name":"Honda"}]},{"@type":"WebSite","@id":"https:\/\/jornaldocarro.estadao.com.br\/#website","url":"https:\/\/jornaldocarro.estadao.com.br\/","name":"Jornal do Carro - Estad\u00e3o","description":"O portal sobre carros, motos e tudo sobre o tema ve\u00edculos no Estad\u00e3o. Fique por dentro de lan\u00e7amentos e de hist\u00f3rias dos leitores e seus carros.","potentialAction":[{"@type":"SearchAction","target":{"@type":"EntryPoint","urlTemplate":"https:\/\/jornaldocarro.estadao.com.br\/?s={search_term_string}"},"query-input":{"@type":"PropertyValueSpecification","valueRequired":true,"valueName":"search_term_string"}}],"inLanguage":"pt-BR"}]}},"_links":{"self":[{"href":"https:\/\/jornaldocarro.estadao.com.br\/api\/wp\/v2\/pages\/128783","targetHints":{"allow":["GET"]}}],"collection":[{"href":"https:\/\/jornaldocarro.estadao.com.br\/api\/wp\/v2\/pages"}],"about":[{"href":"https:\/\/jornaldocarro.estadao.com.br\/api\/wp\/v2\/types\/page"}],"author":[{"embeddable":true,"href":"https:\/\/jornaldocarro.estadao.com.br\/api\/wp\/v2\/users\/2"}],"replies":[{"embeddable":true,"href":"https:\/\/jornaldocarro.estadao.com.br\/api\/wp\/v2\/comments?post=128783"}],"version-history":[{"count":2,"href":"https:\/\/jornaldocarro.estadao.com.br\/api\/wp\/v2\/pages\/128783\/revisions"}],"predecessor-version":[{"id":276782,"href":"https:\/\/jornaldocarro.estadao.com.br\/api\/wp\/v2\/pages\/128783\/revisions\/276782"}],"up":[{"embeddable":true,"href":"https:\/\/jornaldocarro.estadao.com.br\/api\/wp\/v2\/pages\/128475"}],"wp:attachment":[{"href":"https:\/\/jornaldocarro.estadao.com.br\/api\/wp\/v2\/media?parent=128783"}],"curies":[{"name":"wp","href":"https:\/\/api.w.org\/{rel}","templated":true}]}}